{"id":23340,"date":"2026-03-13T09:46:54","date_gmt":"2026-03-13T09:46:54","guid":{"rendered":"https:\/\/artsnb.ca\/web\/?post_type=austeve-programs&#038;p=23340"},"modified":"2026-04-15T20:24:38","modified_gmt":"2026-04-15T20:24:38","slug":"operational-support","status":"publish","type":"austeve-programs","link":"https:\/\/artsnb.ca\/web\/programs\/operational-support\/?lang=fr","title":{"rendered":"Soutien op\u00e9rationnel"},"content":{"rendered":"\n<p class=\"has-white-color has-black-background-color has-text-color has-background has-link-color wp-elements-c36ac8cb9f090b997b06cf63aa901d8b\">Le programme de Soutien op\u00e9rationnel, administr\u00e9 par artsnb, remplace l&#8217;ancien programme de Soutien de base administr\u00e9 par le minist\u00e8re du Tourisme, du Patrimoine et de la Culture (TPC). Veuillez noter que le programme sera disponible \u00e0 compter du 1<sup>er<\/sup> avril 2026 dans le syst\u00e8me de demandes en ligne.<\/p>\n\n\n\n<p>Le <strong>programme de Soutien op\u00e9rationnel<\/strong> est con\u00e7u pour aider les organismes artistiques et culturels \u00e0 but non lucratif \u00e0 remplir plus efficacement leurs mandats et pour les aider \u00e0 couvrir les co\u00fbts tels que ceux de l&#8217;administration, la cr\u00e9ation, la production et la pr\u00e9sentation de programmes et de services en arts et culture.<br><br><strong>Un organisme artistique et culturel professionnel est un organisme qui a pour mandat :<\/strong><\/p>\n\n\n\n<ul class=\"wp-block-list\">\n<li>de produire ou de pr\u00e9senter des \u0153uvres d&#8217;artistes professionnel.les,<\/li>\n\n\n\n<li>de pr\u00e9senter des programmes dirig\u00e9s par des artistes professionnel.les<\/li>\n\n\n\n<li>et\/ou de fournir des services destin\u00e9s aux artistes professionnel.les.<\/li>\n<\/ul>\n\n\n\n<div style=\"height:10px\" aria-hidden=\"true\" class=\"wp-block-spacer\"><\/div>\n\n\n\n<p class=\"has-luminous-vivid-amber-background-color has-background\"><strong>Acc\u00e9dez \u00e0 l&#8217;enregistrement de la pr\u00e9sentation sur le programme de Soutien op\u00e9rationnel <a href=\"https:\/\/drive.google.com\/drive\/folders\/1V3PgLsiVVfK1VQHH-WxG8bgHcYdaOsR4?usp=drive_link\">ICI<\/a>.<\/strong><\/p>\n\n\n\n<h2 class=\"wp-block-heading\">FORMULAIRES<\/h2>\n\n\n\n<div class=\"wp-block-file\"><a id=\"wp-block-file--media-95cc1252-24c4-426b-ba90-b380cda1d0b7\" href=\"https:\/\/artsnb.ca\/web\/wp-content\/uploads\/2026\/03\/Operational-Support-Guidelines_2026_Lignes-directrices-Soutien-operationnel-1.pdf\" target=\"_blank\" rel=\"noreferrer noopener\">Lignes directrices &#8211; Programme de Soutien op\u00e9rationnel<\/a><\/div>\n\n\n\n<div class=\"wp-block-file\"><a id=\"wp-block-file--media-c46898b7-291f-4eb7-b3f0-b711e896b4da\" href=\"https:\/\/artsnb.ca\/web\/wp-content\/uploads\/2026\/03\/OSP-OA-questions_Question-du-PSO-sur-le-OA_2026-BI.docx\" target=\"_blank\" rel=\"noreferrer noopener\">Questions du formulaire de demande &#8211; Document de r\u00e9f\u00e9rence <strong>\u2003<mark style=\"background-color:rgba(0, 0, 0, 0)\" class=\"has-inline-color has-vivid-red-color\">NOUVEAU<\/mark><\/strong><\/a><\/div>\n\n\n\n<div style=\"height:40px\" aria-hidden=\"true\" class=\"wp-block-spacer\"><\/div>\n\n\n\n<h2 class=\"wp-block-heading\">FOIRE AUX QUESTIONS (FAQ)<\/h2>\n\n\n\n\t\t\t\t\t\t\t<h3 style=\"margin-bottom:20px;display:block;width:100%;margin-top:10px\">PROGRAMME DE SOUTIEN OP\u00c9RATIONNEL <\/h3>\r\n\t\t\t\t\t\t<style>\r\n\t\t\t\t<style>\r\n#wpsm_accordion_23427 .wpsm_panel-heading{\r\n\tpadding:0px !important;\r\n}\r\n#wpsm_accordion_23427 .wpsm_panel-title {\r\n\tmargin:0px !important; \r\n\ttext-transform:none !important;\r\n\tline-height: 1 !important;\r\n}\r\n#wpsm_accordion_23427 .wpsm_panel-title a{\r\n\ttext-decoration:none;\r\n\toverflow:hidden;\r\n\tdisplay:block;\r\n\tpadding:0px;\r\n\tfont-size: 18px !important;\r\n\tfont-family: Tahoma !important;\r\n\tcolor:#000000 !important;\r\n\tborder-bottom:0px !important;\r\n}\r\n\r\n#wpsm_accordion_23427 .wpsm_panel-title a:focus {\r\noutline: 0px !important;\r\n}\r\n\r\n#wpsm_accordion_23427 .wpsm_panel-title a:hover, #wpsm_accordion_23427 .wpsm_panel-title a:focus {\r\n\tcolor:#000000 !important;\r\n}\r\n#wpsm_accordion_23427 .acc-a{\r\n\tcolor: #000000 !important;\r\n\tbackground-color:#e8e8e8 !important;\r\n\tborder-color: #ddd;\r\n}\r\n#wpsm_accordion_23427 .wpsm_panel-default > .wpsm_panel-heading{\r\n\tcolor: #000000 !important;\r\n\tbackground-color: #e8e8e8 !important;\r\n\tborder-color: #e8e8e8 !important;\r\n\tborder-top-left-radius: 0px;\r\n\tborder-top-right-radius: 0px;\r\n}\r\n#wpsm_accordion_23427 .wpsm_panel-default {\r\n\t\tborder:1px solid transparent !important;\r\n\t}\r\n#wpsm_accordion_23427 {\r\n\tmargin-bottom: 20px;\r\n\toverflow: hidden;\r\n\tfloat: none;\r\n\twidth: 100%;\r\n\tdisplay: block;\r\n}\r\n#wpsm_accordion_23427 .ac_title_class{\r\n\tdisplay: block;\r\n\tpadding-top: 12px;\r\n\tpadding-bottom: 12px;\r\n\tpadding-left: 15px;\r\n\tpadding-right: 15px;\r\n}\r\n#wpsm_accordion_23427  .wpsm_panel {\r\n\toverflow:hidden;\r\n\t-webkit-box-shadow: 0 0px 0px rgba(0, 0, 0, .05);\r\n\tbox-shadow: 0 0px 0px rgba(0, 0, 0, .05);\r\n\t\tborder-radius: 4px;\r\n\t}\r\n#wpsm_accordion_23427  .wpsm_panel + .wpsm_panel {\r\n\t\tmargin-top: 5px;\r\n\t}\r\n#wpsm_accordion_23427  .wpsm_panel-body{\r\n\tbackground-color:#ffffff !important;\r\n\tcolor:#000000 !important;\r\n\tborder-top-color: #e8e8e8 !important;\r\n\tfont-size:16px !important;\r\n\tfont-family: Tahoma !important;\r\n\toverflow: hidden;\r\n\t\tborder: 2px solid #e8e8e8 !important;\r\n\t}\r\n\r\n#wpsm_accordion_23427 .ac_open_cl_icon{\r\n\tbackground-color:#e8e8e8 !important;\r\n\tcolor: #000000 !important;\r\n\tfloat:right !important;\r\n\tpadding-top: 12px !important;\r\n\tpadding-bottom: 12px !important;\r\n\tline-height: 1.0 !important;\r\n\tpadding-left: 15px !important;\r\n\tpadding-right: 15px !important;\r\n\tdisplay: inline-block !important;\r\n}\r\n\r\n\t\t\t\r\n\t\t\t<\/style>\t\r\n\t\t\t<\/style>\r\n\t\t\t<div class=\"wpsm_panel-group\" id=\"wpsm_accordion_23427\" >\r\n\t\t\t\t\t\t\t\t\r\n\t\t\t\t\t<!-- Inner panel Start -->\r\n\t\t\t\t\t<div class=\"wpsm_panel wpsm_panel-default\">\r\n\t\t\t\t\t\t<div class=\"wpsm_panel-heading\" role=\"tab\" >\r\n\t\t\t\t\t\t  <h4 class=\"wpsm_panel-title\">\r\n\t\t\t\t\t\t\t<a  class=\"\"  data-toggle=\"collapse\" data-parent=\"#wpsm_accordion_23427 \" href=\"javascript:void(0)\" data-target=\"#ac_23427_collapse1\" onclick=\"do_resize()\">\r\n\t\t\t\t\t\t\t\t\t\t\t\t\t\t\t\t\t<span class=\"ac_open_cl_icon fa fa-plus\"><\/span>\r\n\t\t\t\t\t\t\t\t\t\r\n\t\t\t\t\t\t\t\t \r\n\t\t\t\t\t\t\t\t<span class=\"ac_title_class\">\r\n\t\t\t\t\t\t\t\t\t\t\t\t\t\t\t\t\t\t\t\t<span style=\"margin-right:6px;\" class=\"fa fa-laptop\"><\/span>\r\n\t\t\t\t\t\t\t\t\tQu&#039;est-ce que le programme de Soutien op\u00e9rationnel et comment un organisme peut-il soumettre une demande?\t\t\t\t\t\t\t\t<\/span>\r\n\t\t\t\t\t\t\t<\/a>\r\n\t\t\t\t\t\t  <\/h4>\r\n\t\t\t\t\t\t<\/div>\r\n\t\t\t\t\t\t<div id=\"ac_23427_collapse1\" class=\"wpsm_panel-collapse collapse \"  >\r\n\t\t\t\t\t\t  <div class=\"wpsm_panel-body\">\r\n\t\t\t\t\t\t\tLe programme de Soutien op\u00e9rationnel vise \u00e0 aider les organismes artistiques et culturels professionnels sans but lucratif en contribuant aux co\u00fbts li\u00e9s \u00e0 l'administration, \u00e0 la cr\u00e9ation, \u00e0 la production et \u00e0 la pr\u00e9sentation d'\u0153uvres d'art, ainsi qu'\u00e0 la programmation et aux services artistiques et culturels. Les organismes int\u00e9ress\u00e9s doivent d'abord consulter les <a href=\"https:\/\/artsnb.ca\/web\/programs\/operational-support\/?lang=fr\">lignes directrices du programme<\/a> afin de s'assurer qu'ils sont admissibles. Pour pr\u00e9senter une demande, rendez-vous sur <a href=\"https:\/\/artsnb.ca\/oa\">https:\/\/artsnb.ca\/oa<\/a> et suivez les instructions fournies dans les lignes directrices.\t\t\t\t\t\t  <\/div>\r\n\t\t\t\t\t\t<\/div>\r\n\t\t\t\t\t<\/div>\r\n\t\t\t\t\t<!-- Inner panel End -->\r\n\t\t\t\t\t\r\n\t\t\t\t\t\t\t\t\r\n\t\t\t\t\t<!-- Inner panel Start -->\r\n\t\t\t\t\t<div class=\"wpsm_panel wpsm_panel-default\">\r\n\t\t\t\t\t\t<div class=\"wpsm_panel-heading\" role=\"tab\" >\r\n\t\t\t\t\t\t  <h4 class=\"wpsm_panel-title\">\r\n\t\t\t\t\t\t\t<a  class=\"collapsed\"  data-toggle=\"collapse\" data-parent=\"#wpsm_accordion_23427 \" href=\"javascript:void(0)\" data-target=\"#ac_23427_collapse2\" onclick=\"do_resize()\">\r\n\t\t\t\t\t\t\t\t\t\t\t\t\t\t\t\t\t<span class=\"ac_open_cl_icon fa fa-plus\"><\/span>\r\n\t\t\t\t\t\t\t\t\t\r\n\t\t\t\t\t\t\t\t \r\n\t\t\t\t\t\t\t\t<span class=\"ac_title_class\">\r\n\t\t\t\t\t\t\t\t\t\t\t\t\t\t\t\t\t\t\t\t<span style=\"margin-right:6px;\" class=\"fa fa-laptop\"><\/span>\r\n\t\t\t\t\t\t\t\t\tSi un organisme a re\u00e7u un financement op\u00e9rationnel dans le cadre de l&#039;ancien programme de Soutien de base administr\u00e9 par le minist\u00e8re du Tourisme, du Patrimoine et de la Culture (TPC), devrait-il d\u00e9sormais pr\u00e9senter une demande au programme de Soutien op\u00e9rationnel d&#039;artsnb ?\t\t\t\t\t\t\t\t<\/span>\r\n\t\t\t\t\t\t\t<\/a>\r\n\t\t\t\t\t\t  <\/h4>\r\n\t\t\t\t\t\t<\/div>\r\n\t\t\t\t\t\t<div id=\"ac_23427_collapse2\" class=\"wpsm_panel-collapse collapse \"  >\r\n\t\t\t\t\t\t  <div class=\"wpsm_panel-body\">\r\n\t\t\t\t\t\t\tOui. \u00c0 compter de 2026, le programme de Soutien op\u00e9rationnel remplace le programme de Soutien de base et est d\u00e9sormais administr\u00e9 par artsnb. \u00c0 la suite d'un examen formel du programme, qui a pris en compte les mandats minist\u00e9riels, les donn\u00e9es sectorielles, les commentaires des parties prenantes et les comparaisons avec d'autres juridictions, le programme a \u00e9t\u00e9 repens\u00e9 et sa mise en \u0153uvre a \u00e9t\u00e9 transf\u00e9r\u00e9e \u00e0 artsnb afin de s'aligner sur les meilleures pratiques nationales. Pour savoir si vous \u00eates admissible, veuillez consulter les crit\u00e8res d'admissibilit\u00e9 dans les <a href=\"https:\/\/artsnb.ca\/web\/programs\/operational-support\/?lang=fr\">lignes directrices du programme<\/a>.\t\t\t\t\t\t  <\/div>\r\n\t\t\t\t\t\t<\/div>\r\n\t\t\t\t\t<\/div>\r\n\t\t\t\t\t<!-- Inner panel End -->\r\n\t\t\t\t\t\r\n\t\t\t\t\t\t\t\t\r\n\t\t\t\t\t<!-- Inner panel Start -->\r\n\t\t\t\t\t<div class=\"wpsm_panel wpsm_panel-default\">\r\n\t\t\t\t\t\t<div class=\"wpsm_panel-heading\" role=\"tab\" >\r\n\t\t\t\t\t\t  <h4 class=\"wpsm_panel-title\">\r\n\t\t\t\t\t\t\t<a  class=\"collapsed\"  data-toggle=\"collapse\" data-parent=\"#wpsm_accordion_23427 \" href=\"javascript:void(0)\" data-target=\"#ac_23427_collapse3\" onclick=\"do_resize()\">\r\n\t\t\t\t\t\t\t\t\t\t\t\t\t\t\t\t\t<span class=\"ac_open_cl_icon fa fa-plus\"><\/span>\r\n\t\t\t\t\t\t\t\t\t\r\n\t\t\t\t\t\t\t\t \r\n\t\t\t\t\t\t\t\t<span class=\"ac_title_class\">\r\n\t\t\t\t\t\t\t\t\t\t\t\t\t\t\t\t\t\t\t\t<span style=\"margin-right:6px;\" class=\"fa fa-laptop\"><\/span>\r\n\t\t\t\t\t\t\t\t\tTous les anciens clients du programme de Soutien de base sont-ils admissibles au programme de Soutien op\u00e9rationnel ?\t\t\t\t\t\t\t\t<\/span>\r\n\t\t\t\t\t\t\t<\/a>\r\n\t\t\t\t\t\t  <\/h4>\r\n\t\t\t\t\t\t<\/div>\r\n\t\t\t\t\t\t<div id=\"ac_23427_collapse3\" class=\"wpsm_panel-collapse collapse \"  >\r\n\t\t\t\t\t\t  <div class=\"wpsm_panel-body\">\r\n\t\t\t\t\t\t\tLes organismes int\u00e9ress\u00e9s doivent d'abord consulter les <a href=\"https:\/\/artsnb.ca\/web\/programs\/operational-support\/?lang=fr\">lignes directrices du programme<\/a> pour s'assurer qu'ils sont admissibles. Si vous avez des questions au sujet des crit\u00e8res, veuiller contacter artsnb pour toute clarificatio \u00e0 l'adresse <a href=\"mailto:osp_pso@artsnb.ca\">osp_pso@artsnb.ca<\/a>.\t\t\t\t\t\t  <\/div>\r\n\t\t\t\t\t\t<\/div>\r\n\t\t\t\t\t<\/div>\r\n\t\t\t\t\t<!-- Inner panel End -->\r\n\t\t\t\t\t\r\n\t\t\t\t\t\t\t\t\r\n\t\t\t\t\t<!-- Inner panel Start -->\r\n\t\t\t\t\t<div class=\"wpsm_panel wpsm_panel-default\">\r\n\t\t\t\t\t\t<div class=\"wpsm_panel-heading\" role=\"tab\" >\r\n\t\t\t\t\t\t  <h4 class=\"wpsm_panel-title\">\r\n\t\t\t\t\t\t\t<a  class=\"collapsed\"  data-toggle=\"collapse\" data-parent=\"#wpsm_accordion_23427 \" href=\"javascript:void(0)\" data-target=\"#ac_23427_collapse4\" onclick=\"do_resize()\">\r\n\t\t\t\t\t\t\t\t\t\t\t\t\t\t\t\t\t<span class=\"ac_open_cl_icon fa fa-plus\"><\/span>\r\n\t\t\t\t\t\t\t\t\t\r\n\t\t\t\t\t\t\t\t \r\n\t\t\t\t\t\t\t\t<span class=\"ac_title_class\">\r\n\t\t\t\t\t\t\t\t\t\t\t\t\t\t\t\t\t\t\t\t<span style=\"margin-right:6px;\" class=\"fa fa-laptop\"><\/span>\r\n\t\t\t\t\t\t\t\t\tLes organismes qui ne sont pas d&#039;anciens clients du programme de Soutien de base peuvent-ils pr\u00e9senter une demande au nouveau programme de Soutien op\u00e9rationnel ?\t\t\t\t\t\t\t\t<\/span>\r\n\t\t\t\t\t\t\t<\/a>\r\n\t\t\t\t\t\t  <\/h4>\r\n\t\t\t\t\t\t<\/div>\r\n\t\t\t\t\t\t<div id=\"ac_23427_collapse4\" class=\"wpsm_panel-collapse collapse \"  >\r\n\t\t\t\t\t\t  <div class=\"wpsm_panel-body\">\r\n\t\t\t\t\t\t\tOui. Les organismes qui n'ont pas b\u00e9n\u00e9fici\u00e9 dans le pass\u00e9 du programme de Soutien de base peuvent \u00eatre admissibles au programme de Soutien op\u00e9rationnel. Pour savoir si vous \u00eates admissibles, consultez les crit\u00e8res d'admissibilit\u00e9 dans les <a href=\"https:\/\/artsnb.ca\/web\/programs\/operational-support\/?lang=fr\">lignes directrices du programme<\/a>.\t\t\t\t\t\t  <\/div>\r\n\t\t\t\t\t\t<\/div>\r\n\t\t\t\t\t<\/div>\r\n\t\t\t\t\t<!-- Inner panel End -->\r\n\t\t\t\t\t\r\n\t\t\t\t\t\t\t\t\r\n\t\t\t\t\t<!-- Inner panel Start -->\r\n\t\t\t\t\t<div class=\"wpsm_panel wpsm_panel-default\">\r\n\t\t\t\t\t\t<div class=\"wpsm_panel-heading\" role=\"tab\" >\r\n\t\t\t\t\t\t  <h4 class=\"wpsm_panel-title\">\r\n\t\t\t\t\t\t\t<a  class=\"collapsed\"  data-toggle=\"collapse\" data-parent=\"#wpsm_accordion_23427 \" href=\"javascript:void(0)\" data-target=\"#ac_23427_collapse5\" onclick=\"do_resize()\">\r\n\t\t\t\t\t\t\t\t\t\t\t\t\t\t\t\t\t<span class=\"ac_open_cl_icon fa fa-plus\"><\/span>\r\n\t\t\t\t\t\t\t\t\t\r\n\t\t\t\t\t\t\t\t \r\n\t\t\t\t\t\t\t\t<span class=\"ac_title_class\">\r\n\t\t\t\t\t\t\t\t\t\t\t\t\t\t\t\t\t\t\t\t<span style=\"margin-right:6px;\" class=\"fa fa-laptop\"><\/span>\r\n\t\t\t\t\t\t\t\t\t\u00c0 quelle fr\u00e9quence les subventions sont-elles accord\u00e9es dans le cadre de ce programme ?\t\t\t\t\t\t\t\t<\/span>\r\n\t\t\t\t\t\t\t<\/a>\r\n\t\t\t\t\t\t  <\/h4>\r\n\t\t\t\t\t\t<\/div>\r\n\t\t\t\t\t\t<div id=\"ac_23427_collapse5\" class=\"wpsm_panel-collapse collapse \"  >\r\n\t\t\t\t\t\t  <div class=\"wpsm_panel-body\">\r\n\t\t\t\t\t\t\tCe programme fonctionne selon un cycle de financement de trois ans qui couvre les exercices financiers 2026-2027, 2027-2028 et 2028-2029, avec le cycle qui d\u00e9bute en avril 2026. Si l'organisme re\u00e7oit un financement, le montant recommand\u00e9 sera vers\u00e9 \u00e0 chaque ann\u00e9e du cycle de financement, en fonction des allocations budg\u00e9taires provinciales et de l'approbation des rapports financiers annuels de financement de l'organisme. Le prochain cycle de financement est pr\u00e9vu pour 2029. Pour plus d'information, veuillez vous r\u00e9f\u00e9rer aux <a href=\"https:\/\/artsnb.ca\/web\/programs\/operational-support\/?lang=fr\">lignes directrices du programme<\/a>.\t\t\t\t\t\t  <\/div>\r\n\t\t\t\t\t\t<\/div>\r\n\t\t\t\t\t<\/div>\r\n\t\t\t\t\t<!-- Inner panel End -->\r\n\t\t\t\t\t\r\n\t\t\t\t\t\t\t\t\r\n\t\t\t\t\t<!-- Inner panel Start -->\r\n\t\t\t\t\t<div class=\"wpsm_panel wpsm_panel-default\">\r\n\t\t\t\t\t\t<div class=\"wpsm_panel-heading\" role=\"tab\" >\r\n\t\t\t\t\t\t  <h4 class=\"wpsm_panel-title\">\r\n\t\t\t\t\t\t\t<a  class=\"collapsed\"  data-toggle=\"collapse\" data-parent=\"#wpsm_accordion_23427 \" href=\"javascript:void(0)\" data-target=\"#ac_23427_collapse6\" onclick=\"do_resize()\">\r\n\t\t\t\t\t\t\t\t\t\t\t\t\t\t\t\t\t<span class=\"ac_open_cl_icon fa fa-plus\"><\/span>\r\n\t\t\t\t\t\t\t\t\t\r\n\t\t\t\t\t\t\t\t \r\n\t\t\t\t\t\t\t\t<span class=\"ac_title_class\">\r\n\t\t\t\t\t\t\t\t\t\t\t\t\t\t\t\t\t\t\t\t<span style=\"margin-right:6px;\" class=\"fa fa-laptop\"><\/span>\r\n\t\t\t\t\t\t\t\t\tQuels sont les niveaux de financement de ce programme ?\u00a0\t\t\t\t\t\t\t\t<\/span>\r\n\t\t\t\t\t\t\t<\/a>\r\n\t\t\t\t\t\t  <\/h4>\r\n\t\t\t\t\t\t<\/div>\r\n\t\t\t\t\t\t<div id=\"ac_23427_collapse6\" class=\"wpsm_panel-collapse collapse \"  >\r\n\t\t\t\t\t\t  <div class=\"wpsm_panel-body\">\r\n\t\t\t\t\t\t\tDans le cadre du programme de Soutien op\u00e9rationnel, un organisme peut demander une subvention maximale repr\u00e9sentant une partie de son total des revenus d'exploitation (TRE).\r\n<ul>\r\n \t<li>Les organismes avec un TRE de 50 000 $ \u00e0 250\u202f000\u202f$ peuvent demander :\r\nJusqu'\u00e0 30\u202f% du revenu d'exploitation total ou 50\u202f000\u202f$, selon la somme la moins \u00e9lev\u00e9e<\/li>\r\n \t<li>Les organismes ayant un TRE de 251 000 $ \u00e0 500 000 $ peuvent demander :\r\nJusqu'\u00e0 25\u202f% du revenu d'exploitation total ou 75\u202f000\u202f$, selon la somme la moins \u00e9lev\u00e9e<\/li>\r\n \t<li>Les organismes ayant un TRE de 501\u202f000\u202f$ \u00e0 1 million $ peuvent demander :\r\nJusqu'\u00e0 20\u202f% du revenu d'exploitation total ou 100 000 $, selon la somme la moins \u00e9lev\u00e9e<\/li>\r\n \t<li>Les organismes avec un TRE de 1 \u00e0 2 millions $ peuvent demander\u202f:\r\nJusqu'\u00e0 15\u202f% du chiffre d'affaires d'exploitation total ou 180\u202f000\u202f$, selon la somme la moins \u00e9lev\u00e9e<\/li>\r\n \t<li>Les organismes ayant un TRE sup\u00e9rieur \u00e0 2 millions $ peuvent demander\u202f:\r\nJusqu'\u00e0 12,5\u202f% du revenu d'exploitation total ou 400\u202f000\u202f$, selon la somme la moins \u00e9lev\u00e9e.<\/li>\r\n<\/ul>\t\t\t\t\t\t  <\/div>\r\n\t\t\t\t\t\t<\/div>\r\n\t\t\t\t\t<\/div>\r\n\t\t\t\t\t<!-- Inner panel End -->\r\n\t\t\t\t\t\r\n\t\t\t\t\t\t\t\t\r\n\t\t\t\t\t<!-- Inner panel Start -->\r\n\t\t\t\t\t<div class=\"wpsm_panel wpsm_panel-default\">\r\n\t\t\t\t\t\t<div class=\"wpsm_panel-heading\" role=\"tab\" >\r\n\t\t\t\t\t\t  <h4 class=\"wpsm_panel-title\">\r\n\t\t\t\t\t\t\t<a  class=\"collapsed\"  data-toggle=\"collapse\" data-parent=\"#wpsm_accordion_23427 \" href=\"javascript:void(0)\" data-target=\"#ac_23427_collapse7\" onclick=\"do_resize()\">\r\n\t\t\t\t\t\t\t\t\t\t\t\t\t\t\t\t\t<span class=\"ac_open_cl_icon fa fa-plus\"><\/span>\r\n\t\t\t\t\t\t\t\t\t\r\n\t\t\t\t\t\t\t\t \r\n\t\t\t\t\t\t\t\t<span class=\"ac_title_class\">\r\n\t\t\t\t\t\t\t\t\t\t\t\t\t\t\t\t\t\t\t\t<span style=\"margin-right:6px;\" class=\"fa fa-laptop\"><\/span>\r\n\t\t\t\t\t\t\t\t\tQu&#039;est-ce que le total des revenus d&#039;exploitation ?\t\t\t\t\t\t\t\t<\/span>\r\n\t\t\t\t\t\t\t<\/a>\r\n\t\t\t\t\t\t  <\/h4>\r\n\t\t\t\t\t\t<\/div>\r\n\t\t\t\t\t\t<div id=\"ac_23427_collapse7\" class=\"wpsm_panel-collapse collapse \"  >\r\n\t\t\t\t\t\t  <div class=\"wpsm_panel-body\">\r\n\t\t\t\t\t\t\tCe programme d\u00e9finit le total des revenus d'exploitation comme suit\u202f: la m\u00e9diane des revenus d'exploitation annuels des 3 derniers exercices compl\u00e9t\u00e9s, de l'exercice en cours et de la premi\u00e8re ann\u00e9e pr\u00e9vue du cycle du programme. Le total des revenus d'exploitation n'inclut pas le soutien en nature. Veuillez consulter les <a href=\"https:\/\/artsnb.ca\/web\/programs\/operational-support\/?lang=fr\">lignes directrices du programme<\/a> pour obtenir des d\u00e9tails sur le mode de calcul du total des revenus d'exploitation.\t\t\t\t\t\t  <\/div>\r\n\t\t\t\t\t\t<\/div>\r\n\t\t\t\t\t<\/div>\r\n\t\t\t\t\t<!-- Inner panel End -->\r\n\t\t\t\t\t\r\n\t\t\t\t\t\t\t\t\r\n\t\t\t\t\t<!-- Inner panel Start -->\r\n\t\t\t\t\t<div class=\"wpsm_panel wpsm_panel-default\">\r\n\t\t\t\t\t\t<div class=\"wpsm_panel-heading\" role=\"tab\" >\r\n\t\t\t\t\t\t  <h4 class=\"wpsm_panel-title\">\r\n\t\t\t\t\t\t\t<a  class=\"collapsed\"  data-toggle=\"collapse\" data-parent=\"#wpsm_accordion_23427 \" href=\"javascript:void(0)\" data-target=\"#ac_23427_collapse8\" onclick=\"do_resize()\">\r\n\t\t\t\t\t\t\t\t\t\t\t\t\t\t\t\t\t<span class=\"ac_open_cl_icon fa fa-plus\"><\/span>\r\n\t\t\t\t\t\t\t\t\t\r\n\t\t\t\t\t\t\t\t \r\n\t\t\t\t\t\t\t\t<span class=\"ac_title_class\">\r\n\t\t\t\t\t\t\t\t\t\t\t\t\t\t\t\t\t\t\t\t<span style=\"margin-right:6px;\" class=\"fa fa-laptop\"><\/span>\r\n\t\t\t\t\t\t\t\t\tPourquoi la m\u00e9diane du total des revenus d&#039;exploitation est-elle utilis\u00e9e pour calculer la cat\u00e9gorie budg\u00e9taire de l&#039;organisme ?\t\t\t\t\t\t\t\t<\/span>\r\n\t\t\t\t\t\t\t<\/a>\r\n\t\t\t\t\t\t  <\/h4>\r\n\t\t\t\t\t\t<\/div>\r\n\t\t\t\t\t\t<div id=\"ac_23427_collapse8\" class=\"wpsm_panel-collapse collapse \"  >\r\n\t\t\t\t\t\t  <div class=\"wpsm_panel-body\">\r\n\t\t\t\t\t\t\tLa m\u00e9diane d'une p\u00e9riode qui couvre plusieurs ann\u00e9es est utilis\u00e9e pour calculer la cat\u00e9gorie budg\u00e9taire de l'organisme, car elle constitue un moyen \u00e9quitable de mesurer les revenus d'exploitation types au fil du temps. Cette approche minimise l'impact des ann\u00e9es exceptionnellement \u00e9lev\u00e9es ou faibles et s'aligne sur les meilleures pratiques en mati\u00e8re de programmes de financement op\u00e9rationnel.\t\t\t\t\t\t  <\/div>\r\n\t\t\t\t\t\t<\/div>\r\n\t\t\t\t\t<\/div>\r\n\t\t\t\t\t<!-- Inner panel End -->\r\n\t\t\t\t\t\r\n\t\t\t\t\t\t\t\t\r\n\t\t\t\t\t<!-- Inner panel Start -->\r\n\t\t\t\t\t<div class=\"wpsm_panel wpsm_panel-default\">\r\n\t\t\t\t\t\t<div class=\"wpsm_panel-heading\" role=\"tab\" >\r\n\t\t\t\t\t\t  <h4 class=\"wpsm_panel-title\">\r\n\t\t\t\t\t\t\t<a  class=\"collapsed\"  data-toggle=\"collapse\" data-parent=\"#wpsm_accordion_23427 \" href=\"javascript:void(0)\" data-target=\"#ac_23427_collapse9\" onclick=\"do_resize()\">\r\n\t\t\t\t\t\t\t\t\t\t\t\t\t\t\t\t\t<span class=\"ac_open_cl_icon fa fa-plus\"><\/span>\r\n\t\t\t\t\t\t\t\t\t\r\n\t\t\t\t\t\t\t\t \r\n\t\t\t\t\t\t\t\t<span class=\"ac_title_class\">\r\n\t\t\t\t\t\t\t\t\t\t\t\t\t\t\t\t\t\t\t\t<span style=\"margin-right:6px;\" class=\"fa fa-laptop\"><\/span>\r\n\t\t\t\t\t\t\t\t\tComment fonctionne le processus d&#039;\u00e9valuation ?\u00a0\t\t\t\t\t\t\t\t<\/span>\r\n\t\t\t\t\t\t\t<\/a>\r\n\t\t\t\t\t\t  <\/h4>\r\n\t\t\t\t\t\t<\/div>\r\n\t\t\t\t\t\t<div id=\"ac_23427_collapse9\" class=\"wpsm_panel-collapse collapse \"  >\r\n\t\t\t\t\t\t  <div class=\"wpsm_panel-body\">\r\n\t\t\t\t\t\t\tLes demandes soumises sont d'abord examin\u00e9es par un.e Agent.e de programmes d'artsnb afin de s'assurer qu'elles sont compl\u00e8tes et qu'elles r\u00e9pondent aux crit\u00e8res d'admissibilit\u00e9. Les demandes admissibles sont ensuite \u00e9valu\u00e9es par un jury compos\u00e9 de professionnel.les des arts et\/ou d'artistes professionnel.les r\u00e9unis par artsnb. L'\u00e9valuation porte sur l'efficacit\u00e9 organisationnelle, l'impact des programmes et des services, la sant\u00e9 financi\u00e8re et la pertinence de l'organisme. Veuillez consulter <a href=\"https:\/\/artsnb.ca\/web\/programs\/operational-support\/?lang=fr\">les lignes directrices du programme<\/a> pour obtenir des renseignements sur le processus d'\u00e9valuation.\t\t\t\t\t\t  <\/div>\r\n\t\t\t\t\t\t<\/div>\r\n\t\t\t\t\t<\/div>\r\n\t\t\t\t\t<!-- Inner panel End -->\r\n\t\t\t\t\t\r\n\t\t\t\t\t\t\t\t\r\n\t\t\t\t\t<!-- Inner panel Start -->\r\n\t\t\t\t\t<div class=\"wpsm_panel wpsm_panel-default\">\r\n\t\t\t\t\t\t<div class=\"wpsm_panel-heading\" role=\"tab\" >\r\n\t\t\t\t\t\t  <h4 class=\"wpsm_panel-title\">\r\n\t\t\t\t\t\t\t<a  class=\"collapsed\"  data-toggle=\"collapse\" data-parent=\"#wpsm_accordion_23427 \" href=\"javascript:void(0)\" data-target=\"#ac_23427_collapse10\" onclick=\"do_resize()\">\r\n\t\t\t\t\t\t\t\t\t\t\t\t\t\t\t\t\t<span class=\"ac_open_cl_icon fa fa-plus\"><\/span>\r\n\t\t\t\t\t\t\t\t\t\r\n\t\t\t\t\t\t\t\t \r\n\t\t\t\t\t\t\t\t<span class=\"ac_title_class\">\r\n\t\t\t\t\t\t\t\t\t\t\t\t\t\t\t\t\t\t\t\t<span style=\"margin-right:6px;\" class=\"fa fa-laptop\"><\/span>\r\n\t\t\t\t\t\t\t\t\tPour chaque cycle d&#039;\u00e9valuation, le programme de Soutien de base garantissait aux candidats qui se repr\u00e9sentaient une subvention minimale de 80 % de la subvention du cycle pr\u00e9c\u00e9dent. Est-ce le cas du programme de Soutien op\u00e9rationnel d\u00e9sormais administr\u00e9 par artsnb ?\t\t\t\t\t\t\t\t<\/span>\r\n\t\t\t\t\t\t\t<\/a>\r\n\t\t\t\t\t\t  <\/h4>\r\n\t\t\t\t\t\t<\/div>\r\n\t\t\t\t\t\t<div id=\"ac_23427_collapse10\" class=\"wpsm_panel-collapse collapse \"  >\r\n\t\t\t\t\t\t  <div class=\"wpsm_panel-body\">\r\n\t\t\t\t\t\t\tNon. Le programme de Soutien op\u00e9rationnel ne pr\u00e9voit pas de garantie de financement minimum pour les candidats. Cette mesure est conforme aux meilleures pratiques en vigueur dans d'autres juridictions, respecte le processus d\u2019\u00e9valuation par un jury de pairs et garantit une r\u00e9partition plus \u00e9quitable et plus souple des fonds, tout en offrant aux nouveaux candidats la possibilit\u00e9 de b\u00e9n\u00e9ficier d'un soutien.\t\t\t\t\t\t  <\/div>\r\n\t\t\t\t\t\t<\/div>\r\n\t\t\t\t\t<\/div>\r\n\t\t\t\t\t<!-- Inner panel End -->\r\n\t\t\t\t\t\r\n\t\t\t\t\t\t\t\t\r\n\t\t\t\t\t<!-- Inner panel Start -->\r\n\t\t\t\t\t<div class=\"wpsm_panel wpsm_panel-default\">\r\n\t\t\t\t\t\t<div class=\"wpsm_panel-heading\" role=\"tab\" >\r\n\t\t\t\t\t\t  <h4 class=\"wpsm_panel-title\">\r\n\t\t\t\t\t\t\t<a  class=\"collapsed\"  data-toggle=\"collapse\" data-parent=\"#wpsm_accordion_23427 \" href=\"javascript:void(0)\" data-target=\"#ac_23427_collapse11\" onclick=\"do_resize()\">\r\n\t\t\t\t\t\t\t\t\t\t\t\t\t\t\t\t\t<span class=\"ac_open_cl_icon fa fa-plus\"><\/span>\r\n\t\t\t\t\t\t\t\t\t\r\n\t\t\t\t\t\t\t\t \r\n\t\t\t\t\t\t\t\t<span class=\"ac_title_class\">\r\n\t\t\t\t\t\t\t\t\t\t\t\t\t\t\t\t\t\t\t\t<span style=\"margin-right:6px;\" class=\"fa fa-laptop\"><\/span>\r\n\t\t\t\t\t\t\t\t\tExiste-t-il des ressources pour aider \u00e0 constituer un dossier de candidature \u00e0 ce programme ?\t\t\t\t\t\t\t\t<\/span>\r\n\t\t\t\t\t\t\t<\/a>\r\n\t\t\t\t\t\t  <\/h4>\r\n\t\t\t\t\t\t<\/div>\r\n\t\t\t\t\t\t<div id=\"ac_23427_collapse11\" class=\"wpsm_panel-collapse collapse \"  >\r\n\t\t\t\t\t\t  <div class=\"wpsm_panel-body\">\r\n\t\t\t\t\t\t\tOui. Les lignes directrices de ce programme contiennent les renseignements sur l'admissibilit\u00e9, les niveaux de financement, la mani\u00e8re de soumettre une demande, etc. Au d\u00e9but du mois d'avril, artsnb proposera \u00e9galement des s\u00e9ances d'information sur Zoom afin d'aider les candidats \u00e0 comprendre le processus de soumission et les lignes directrices du programme. Ces s\u00e9ances seront enregistr\u00e9es et mises en ligne sur le site web d'artsnb. Si vous avez d'autres questions dont les r\u00e9ponses ne se trouvent ni dans les lignes directrices du programme, ni dans les s\u00e9ances d'information, vous pouvez contacter la personne responsable du programme de Soutien op\u00e9rationnel \u00e0 l'adresse <a href=\"mailto:osp_pso@artsnb.ca\">osp_pso@artsnb.ca<\/a>. \t\t\t\t\t\t  <\/div>\r\n\t\t\t\t\t\t<\/div>\r\n\t\t\t\t\t<\/div>\r\n\t\t\t\t\t<!-- Inner panel End -->\r\n\t\t\t\t\t\r\n\t\t\t\t\t\t\t\t\r\n\t\t\t\t\t<!-- Inner panel Start -->\r\n\t\t\t\t\t<div class=\"wpsm_panel wpsm_panel-default\">\r\n\t\t\t\t\t\t<div class=\"wpsm_panel-heading\" role=\"tab\" >\r\n\t\t\t\t\t\t  <h4 class=\"wpsm_panel-title\">\r\n\t\t\t\t\t\t\t<a  class=\"collapsed\"  data-toggle=\"collapse\" data-parent=\"#wpsm_accordion_23427 \" href=\"javascript:void(0)\" data-target=\"#ac_23427_collapse12\" onclick=\"do_resize()\">\r\n\t\t\t\t\t\t\t\t\t\t\t\t\t\t\t\t\t<span class=\"ac_open_cl_icon fa fa-plus\"><\/span>\r\n\t\t\t\t\t\t\t\t\t\r\n\t\t\t\t\t\t\t\t \r\n\t\t\t\t\t\t\t\t<span class=\"ac_title_class\">\r\n\t\t\t\t\t\t\t\t\t\t\t\t\t\t\t\t\t\t\t\t<span style=\"margin-right:6px;\" class=\"fa fa-laptop\"><\/span>\r\n\t\t\t\t\t\t\t\t\tLes organismes sont tenus de soumettre des informations financi\u00e8res \u00e0 la base de donn\u00e9es en ligne Canadian Arts Database \/ Donn\u00e9es des arts du Canada (CADAC) dans le cadre du processus de candidature. Comment un organisme s&#039;inscrit-il \u00e0 CADAC ?\t\t\t\t\t\t\t\t<\/span>\r\n\t\t\t\t\t\t\t<\/a>\r\n\t\t\t\t\t\t  <\/h4>\r\n\t\t\t\t\t\t<\/div>\r\n\t\t\t\t\t\t<div id=\"ac_23427_collapse12\" class=\"wpsm_panel-collapse collapse \"  >\r\n\t\t\t\t\t\t  <div class=\"wpsm_panel-body\">\r\n\t\t\t\t\t\t\tLes nouveaux candidats doivent s'inscrire aupr\u00e8s de CADAC en contactant artsnb \u00e0 <a href=\"mailto:ops_pso@artsnb.ca\">ops_pso@artsnb.ca<\/a> et en recevant un code d'invitation par courriel. Le code peut ensuite \u00eatre utilis\u00e9 sur le site web de CADAC pour acc\u00e9der aux formulaires requis.\t\t\t\t\t\t  <\/div>\r\n\t\t\t\t\t\t<\/div>\r\n\t\t\t\t\t<\/div>\r\n\t\t\t\t\t<!-- Inner panel End -->\r\n\t\t\t\t\t\r\n\t\t\t\t\t\t\t\t\r\n\t\t\t\t\t<!-- Inner panel Start -->\r\n\t\t\t\t\t<div class=\"wpsm_panel wpsm_panel-default\">\r\n\t\t\t\t\t\t<div class=\"wpsm_panel-heading\" role=\"tab\" >\r\n\t\t\t\t\t\t  <h4 class=\"wpsm_panel-title\">\r\n\t\t\t\t\t\t\t<a  class=\"collapsed\"  data-toggle=\"collapse\" data-parent=\"#wpsm_accordion_23427 \" href=\"javascript:void(0)\" data-target=\"#ac_23427_collapse13\" onclick=\"do_resize()\">\r\n\t\t\t\t\t\t\t\t\t\t\t\t\t\t\t\t\t<span class=\"ac_open_cl_icon fa fa-plus\"><\/span>\r\n\t\t\t\t\t\t\t\t\t\r\n\t\t\t\t\t\t\t\t \r\n\t\t\t\t\t\t\t\t<span class=\"ac_title_class\">\r\n\t\t\t\t\t\t\t\t\t\t\t\t\t\t\t\t\t\t\t\t<span style=\"margin-right:6px;\" class=\"fa fa-laptop\"><\/span>\r\n\t\t\t\t\t\t\t\t\tExiste-t-il des ressources pour aider \u00e0 naviguer dans\u00a0CADAC ?\u00a0\t\t\t\t\t\t\t\t<\/span>\r\n\t\t\t\t\t\t\t<\/a>\r\n\t\t\t\t\t\t  <\/h4>\r\n\t\t\t\t\t\t<\/div>\r\n\t\t\t\t\t\t<div id=\"ac_23427_collapse13\" class=\"wpsm_panel-collapse collapse \"  >\r\n\t\t\t\t\t\t  <div class=\"wpsm_panel-body\">\r\n\t\t\t\t\t\t\tOui. Le CADAC propose diverses vid\u00e9os de formation et du mat\u00e9riel d'aide, notamment une foire aux questions et un mode d\u2019emploi d\u00e9taill\u00e9 : <a href=\"https:\/\/www.cadac.ca\/organization_training.html\">https:\/\/www.cadac.ca\/organization_training.html <\/a>  \t\t\t\t\t\t  <\/div>\r\n\t\t\t\t\t\t<\/div>\r\n\t\t\t\t\t<\/div>\r\n\t\t\t\t\t<!-- Inner panel End -->\r\n\t\t\t\t\t\r\n\t\t\t\t\t\t\t\t\r\n\t\t\t\t\t<!-- Inner panel Start -->\r\n\t\t\t\t\t<div class=\"wpsm_panel wpsm_panel-default\">\r\n\t\t\t\t\t\t<div class=\"wpsm_panel-heading\" role=\"tab\" >\r\n\t\t\t\t\t\t  <h4 class=\"wpsm_panel-title\">\r\n\t\t\t\t\t\t\t<a  class=\"collapsed\"  data-toggle=\"collapse\" data-parent=\"#wpsm_accordion_23427 \" href=\"javascript:void(0)\" data-target=\"#ac_23427_collapse14\" onclick=\"do_resize()\">\r\n\t\t\t\t\t\t\t\t\t\t\t\t\t\t\t\t\t<span class=\"ac_open_cl_icon fa fa-plus\"><\/span>\r\n\t\t\t\t\t\t\t\t\t\r\n\t\t\t\t\t\t\t\t \r\n\t\t\t\t\t\t\t\t<span class=\"ac_title_class\">\r\n\t\t\t\t\t\t\t\t\t\t\t\t\t\t\t\t\t\t\t\t<span style=\"margin-right:6px;\" class=\"fa fa-laptop\"><\/span>\r\n\t\t\t\t\t\t\t\t\tQuand les r\u00e9sultats de ce programme seront-ils annonc\u00e9s ?\t\t\t\t\t\t\t\t<\/span>\r\n\t\t\t\t\t\t\t<\/a>\r\n\t\t\t\t\t\t  <\/h4>\r\n\t\t\t\t\t\t<\/div>\r\n\t\t\t\t\t\t<div id=\"ac_23427_collapse14\" class=\"wpsm_panel-collapse collapse \"  >\r\n\t\t\t\t\t\t  <div class=\"wpsm_panel-body\">\r\n\t\t\t\t\t\t\tLes candidats seront inform\u00e9s des r\u00e9sultats de l'\u00e9valuation par courriel dans les trois mois apr\u00e8s la date limite. \t\t\t\t\t\t  <\/div>\r\n\t\t\t\t\t\t<\/div>\r\n\t\t\t\t\t<\/div>\r\n\t\t\t\t\t<!-- Inner panel End -->\r\n\t\t\t\t\t\r\n\t\t\t\t\t\t\t\t\r\n\t\t\t\t\t<!-- Inner panel Start -->\r\n\t\t\t\t\t<div class=\"wpsm_panel wpsm_panel-default\">\r\n\t\t\t\t\t\t<div class=\"wpsm_panel-heading\" role=\"tab\" >\r\n\t\t\t\t\t\t  <h4 class=\"wpsm_panel-title\">\r\n\t\t\t\t\t\t\t<a  class=\"collapsed\"  data-toggle=\"collapse\" data-parent=\"#wpsm_accordion_23427 \" href=\"javascript:void(0)\" data-target=\"#ac_23427_collapse15\" onclick=\"do_resize()\">\r\n\t\t\t\t\t\t\t\t\t\t\t\t\t\t\t\t\t<span class=\"ac_open_cl_icon fa fa-plus\"><\/span>\r\n\t\t\t\t\t\t\t\t\t\r\n\t\t\t\t\t\t\t\t \r\n\t\t\t\t\t\t\t\t<span class=\"ac_title_class\">\r\n\t\t\t\t\t\t\t\t\t\t\t\t\t\t\t\t\t\t\t\t<span style=\"margin-right:6px;\" class=\"fa fa-laptop\"><\/span>\r\n\t\t\t\t\t\t\t\t\tSi un organisme re\u00e7oit une aide dans le cadre du programme de Soutien op\u00e9rationnel, comment le financement est-il vers\u00e9\u202f?\t\t\t\t\t\t\t\t<\/span>\r\n\t\t\t\t\t\t\t<\/a>\r\n\t\t\t\t\t\t  <\/h4>\r\n\t\t\t\t\t\t<\/div>\r\n\t\t\t\t\t\t<div id=\"ac_23427_collapse15\" class=\"wpsm_panel-collapse collapse \"  >\r\n\t\t\t\t\t\t  <div class=\"wpsm_panel-body\">\r\n\t\t\t\t\t\t\tUne fois approuv\u00e9e, la subvention accord\u00e9e pour la premi\u00e8re ann\u00e9e du cycle de financement sera vers\u00e9e en totalit\u00e9 par artsnb. Les subventions pour les ann\u00e9es suivantes sont sujettes \u00e0 l'approbation des rapports financiers annuels et \u00e0 la disponibilit\u00e9 des allocations provinciales.\t\t\t\t\t\t  <\/div>\r\n\t\t\t\t\t\t<\/div>\r\n\t\t\t\t\t<\/div>\r\n\t\t\t\t\t<!-- Inner panel End -->\r\n\t\t\t\t\t\r\n\t\t\t\t\t\t\t\t\r\n\t\t\t\t\t<!-- Inner panel Start -->\r\n\t\t\t\t\t<div class=\"wpsm_panel wpsm_panel-default\">\r\n\t\t\t\t\t\t<div class=\"wpsm_panel-heading\" role=\"tab\" >\r\n\t\t\t\t\t\t  <h4 class=\"wpsm_panel-title\">\r\n\t\t\t\t\t\t\t<a  class=\"collapsed\"  data-toggle=\"collapse\" data-parent=\"#wpsm_accordion_23427 \" href=\"javascript:void(0)\" data-target=\"#ac_23427_collapse16\" onclick=\"do_resize()\">\r\n\t\t\t\t\t\t\t\t\t\t\t\t\t\t\t\t\t<span class=\"ac_open_cl_icon fa fa-plus\"><\/span>\r\n\t\t\t\t\t\t\t\t\t\r\n\t\t\t\t\t\t\t\t \r\n\t\t\t\t\t\t\t\t<span class=\"ac_title_class\">\r\n\t\t\t\t\t\t\t\t\t\t\t\t\t\t\t\t\t\t\t\t<span style=\"margin-right:6px;\" class=\"fa fa-laptop\"><\/span>\r\n\t\t\t\t\t\t\t\t\tSi un organisme re\u00e7oit du financement dans le cadre du programme de Soutien op\u00e9rationnel, quelles sont les exigences en mati\u00e8re de rapports annuels ?\t\t\t\t\t\t\t\t<\/span>\r\n\t\t\t\t\t\t\t<\/a>\r\n\t\t\t\t\t\t  <\/h4>\r\n\t\t\t\t\t\t<\/div>\r\n\t\t\t\t\t\t<div id=\"ac_23427_collapse16\" class=\"wpsm_panel-collapse collapse \"  >\r\n\t\t\t\t\t\t  <div class=\"wpsm_panel-body\">\r\n\t\t\t\t\t\t\tUn rapport annuel de financement, comprenant toutes les exigences financi\u00e8res de CADAC, doit \u00eatre soumis avant la date limite annuelle (31 mars) pour chaque ann\u00e9e du cycle de financement. Quand il aura revu et approuv\u00e9 le rapport, artsnb confirmera et versera le montant de la subvention pour l'ann\u00e9e suivante. Les rapports manquants ou incomplets peuvent compromettre la subvention de l'ann\u00e9e suivante. Si des questions surviennent \u00e0 la suite d'un rapport annuel de financement, artsnb vous contactera pour en discuter.\t\t\t\t\t\t  <\/div>\r\n\t\t\t\t\t\t<\/div>\r\n\t\t\t\t\t<\/div>\r\n\t\t\t\t\t<!-- Inner panel End -->\r\n\t\t\t\t\t\r\n\t\t\t\t\t\t\t\t\r\n\t\t\t\t\t<!-- Inner panel Start -->\r\n\t\t\t\t\t<div class=\"wpsm_panel wpsm_panel-default\">\r\n\t\t\t\t\t\t<div class=\"wpsm_panel-heading\" role=\"tab\" >\r\n\t\t\t\t\t\t  <h4 class=\"wpsm_panel-title\">\r\n\t\t\t\t\t\t\t<a  class=\"collapsed\"  data-toggle=\"collapse\" data-parent=\"#wpsm_accordion_23427 \" href=\"javascript:void(0)\" data-target=\"#ac_23427_collapse17\" onclick=\"do_resize()\">\r\n\t\t\t\t\t\t\t\t\t\t\t\t\t\t\t\t\t<span class=\"ac_open_cl_icon fa fa-plus\"><\/span>\r\n\t\t\t\t\t\t\t\t\t\r\n\t\t\t\t\t\t\t\t \r\n\t\t\t\t\t\t\t\t<span class=\"ac_title_class\">\r\n\t\t\t\t\t\t\t\t\t\t\t\t\t\t\t\t\t\t\t\t<span style=\"margin-right:6px;\" class=\"fa fa-laptop\"><\/span>\r\n\t\t\t\t\t\t\t\t\tSi un organisme re\u00e7oit du financement dans le cadre du programme de Soutien op\u00e9rationnel, quel type de mention du financement est requis ?\t\t\t\t\t\t\t\t<\/span>\r\n\t\t\t\t\t\t\t<\/a>\r\n\t\t\t\t\t\t  <\/h4>\r\n\t\t\t\t\t\t<\/div>\r\n\t\t\t\t\t\t<div id=\"ac_23427_collapse17\" class=\"wpsm_panel-collapse collapse \"  >\r\n\t\t\t\t\t\t  <div class=\"wpsm_panel-body\">\r\n\t\t\t\t\t\t\tToute promotion et toute activit\u00e9 li\u00e9e \u00e0 cette subvention, telle que les d\u00e9pliants, les affiches et les entrevues, doivent mentionner le soutien d'artsnb. Pour obtenir des exemples de textes de reconnaissance ainsi que les logos, veuillez consulter la page <a href=\"https:\/\/artsnb.ca\/web\/subventions\/si-vous-recevez-une-subvention\/?lang=fr\">\u00ab Si vous recevez une subvention \u00bb<\/a> sur le site web d'artsnb.\t\t\t\t\t\t  <\/div>\r\n\t\t\t\t\t\t<\/div>\r\n\t\t\t\t\t<\/div>\r\n\t\t\t\t\t<!-- Inner panel End -->\r\n\t\t\t\t\t\r\n\t\t\t\t\t\t\t\t\r\n\t\t\t\t\t<!-- Inner panel Start -->\r\n\t\t\t\t\t<div class=\"wpsm_panel wpsm_panel-default\">\r\n\t\t\t\t\t\t<div class=\"wpsm_panel-heading\" role=\"tab\" >\r\n\t\t\t\t\t\t  <h4 class=\"wpsm_panel-title\">\r\n\t\t\t\t\t\t\t<a  class=\"collapsed\"  data-toggle=\"collapse\" data-parent=\"#wpsm_accordion_23427 \" href=\"javascript:void(0)\" data-target=\"#ac_23427_collapse18\" onclick=\"do_resize()\">\r\n\t\t\t\t\t\t\t\t\t\t\t\t\t\t\t\t\t<span class=\"ac_open_cl_icon fa fa-plus\"><\/span>\r\n\t\t\t\t\t\t\t\t\t\r\n\t\t\t\t\t\t\t\t \r\n\t\t\t\t\t\t\t\t<span class=\"ac_title_class\">\r\n\t\t\t\t\t\t\t\t\t\t\t\t\t\t\t\t\t\t\t\t<span style=\"margin-right:6px;\" class=\"fa fa-laptop\"><\/span>\r\n\t\t\t\t\t\t\t\t\tSi un organisme ne re\u00e7oit pas de financement de la part d&#039;artsnb dans le cadre du programme de Soutien op\u00e9rationnel, existe-t-il d&#039;autres sources de financement ?\t\t\t\t\t\t\t\t<\/span>\r\n\t\t\t\t\t\t\t<\/a>\r\n\t\t\t\t\t\t  <\/h4>\r\n\t\t\t\t\t\t<\/div>\r\n\t\t\t\t\t\t<div id=\"ac_23427_collapse18\" class=\"wpsm_panel-collapse collapse \"  >\r\n\t\t\t\t\t\t  <div class=\"wpsm_panel-body\">\r\n\t\t\t\t\t\t\tOui. Les candidats qui ne re\u00e7oivent pas de financement dans le cadre de ce programme peuvent contacter <a href=\"https:\/\/www.gnb.ca\/fr\/org\/tourisme-patrimoine-culture.html\">le minist\u00e8re du Tourisme, du Patrimoine et de la Culture<\/a> pour conna\u00eetre les possibilit\u00e9s de financement disponibles pour des projets sp\u00e9cifiques.\t\t\t\t\t\t  <\/div>\r\n\t\t\t\t\t\t<\/div>\r\n\t\t\t\t\t<\/div>\r\n\t\t\t\t\t<!-- Inner panel End -->\r\n\t\t\t\t\t\r\n\t\t\t\t\t\t\t\t\r\n\t\t\t\t\t<!-- Inner panel Start -->\r\n\t\t\t\t\t<div class=\"wpsm_panel wpsm_panel-default\">\r\n\t\t\t\t\t\t<div class=\"wpsm_panel-heading\" role=\"tab\" >\r\n\t\t\t\t\t\t  <h4 class=\"wpsm_panel-title\">\r\n\t\t\t\t\t\t\t<a  class=\"collapsed\"  data-toggle=\"collapse\" data-parent=\"#wpsm_accordion_23427 \" href=\"javascript:void(0)\" data-target=\"#ac_23427_collapse19\" onclick=\"do_resize()\">\r\n\t\t\t\t\t\t\t\t\t\t\t\t\t\t\t\t\t<span class=\"ac_open_cl_icon fa fa-plus\"><\/span>\r\n\t\t\t\t\t\t\t\t\t\r\n\t\t\t\t\t\t\t\t \r\n\t\t\t\t\t\t\t\t<span class=\"ac_title_class\">\r\n\t\t\t\t\t\t\t\t\t\t\t\t\t\t\t\t\t\t\t\t<span style=\"margin-right:6px;\" class=\"fa fa-laptop\"><\/span>\r\n\t\t\t\t\t\t\t\t\tLes industries culturelles (c&#039;est-\u00e0-dire les organismes et les entreprises \u00e0 but lucratif) peuvent-elles obtenir un soutien op\u00e9rationnel dans le cadre du programme de Soutien op\u00e9rationnel ?\t\t\t\t\t\t\t\t<\/span>\r\n\t\t\t\t\t\t\t<\/a>\r\n\t\t\t\t\t\t  <\/h4>\r\n\t\t\t\t\t\t<\/div>\r\n\t\t\t\t\t\t<div id=\"ac_23427_collapse19\" class=\"wpsm_panel-collapse collapse \"  >\r\n\t\t\t\t\t\t  <div class=\"wpsm_panel-body\">\r\n\t\t\t\t\t\t\tNon. Les industries culturelles \u00e0 but lucratif ne sont pas admissibles \u00e0 ce programme, mais peuvent \u00eatre admissibles pour des projets \u00e0 d'autres programmes administr\u00e9s par <a href=\"https:\/\/thc.smartsimple.ca\/welcome\/artsfr\/?lang=2\">le minist\u00e8re du Tourisme, du Patrimoine et de la Culture<\/a>. Cela comprend les \u00e9diteurs de livres et de p\u00e9riodiques, les industries des m\u00e9tiers d\u2019arts et les galeries d'art \u00e0 but lucratif. Les artistes et les entreprises de l'industrie musicale peuvent continuer \u00e0 solliciter le soutien du programme de D\u00e9veloppement de l'industrie musicale (DIM) de MusiqueNB. \t\t\t\t\t\t  <\/div>\r\n\t\t\t\t\t\t<\/div>\r\n\t\t\t\t\t<\/div>\r\n\t\t\t\t\t<!-- Inner panel End -->\r\n\t\t\t\t\t\r\n\t\t\t\t\t\t\t\t\r\n\t\t\t\t\t<!-- Inner panel Start -->\r\n\t\t\t\t\t<div class=\"wpsm_panel wpsm_panel-default\">\r\n\t\t\t\t\t\t<div class=\"wpsm_panel-heading\" role=\"tab\" >\r\n\t\t\t\t\t\t  <h4 class=\"wpsm_panel-title\">\r\n\t\t\t\t\t\t\t<a  class=\"collapsed\"  data-toggle=\"collapse\" data-parent=\"#wpsm_accordion_23427 \" href=\"javascript:void(0)\" data-target=\"#ac_23427_collapse20\" onclick=\"do_resize()\">\r\n\t\t\t\t\t\t\t\t\t\t\t\t\t\t\t\t\t<span class=\"ac_open_cl_icon fa fa-plus\"><\/span>\r\n\t\t\t\t\t\t\t\t\t\r\n\t\t\t\t\t\t\t\t \r\n\t\t\t\t\t\t\t\t<span class=\"ac_title_class\">\r\n\t\t\t\t\t\t\t\t\t\t\t\t\t\t\t\t\t\t\t\t<span style=\"margin-right:6px;\" class=\"fa fa-laptop\"><\/span>\r\n\t\t\t\t\t\t\t\t\tLes collectifs d&#039;artistes non incorpor\u00e9s peuvent-ils obtenir un soutien op\u00e9rationnel dans le cadre du programme de Soutien op\u00e9rationnel ?\t\t\t\t\t\t\t\t<\/span>\r\n\t\t\t\t\t\t\t<\/a>\r\n\t\t\t\t\t\t  <\/h4>\r\n\t\t\t\t\t\t<\/div>\r\n\t\t\t\t\t\t<div id=\"ac_23427_collapse20\" class=\"wpsm_panel-collapse collapse \"  >\r\n\t\t\t\t\t\t  <div class=\"wpsm_panel-body\">\r\n\t\t\t\t\t\t\tNon. Les collectifs d'artistes non incorpor\u00e9s ne sont pas admissibles au financement op\u00e9rationnel. Ils peuvent contacter artsnb ou <a href=\"https:\/\/www.gnb.ca\/fr\/org\/tourisme-patrimoine-culture.html\">le minist\u00e8re du Tourisme, du Patrimoine et de la Culture<\/a> pour explorer d'autres programmes de financement. \t\t\t\t\t\t  <\/div>\r\n\t\t\t\t\t\t<\/div>\r\n\t\t\t\t\t<\/div>\r\n\t\t\t\t\t<!-- Inner panel End -->\r\n\t\t\t\t\t\r\n\t\t\t\t\t\t\t<\/div>\r\n\t\t\t\r\n<script type=\"text\/javascript\">\r\n\t\r\n\t\tfunction do_resize(){\r\n\r\n\t\t\tvar width=jQuery( '.wpsm_panel .wpsm_panel-body iframe' ).width();\r\n\t\t\tvar height=jQuery( '.wpsm_panel .wpsm_panel-body iframe' ).height();\r\n\r\n\t\t\tvar toggleSize = true;\r\n\t\t\tjQuery('iframe').animate({\r\n\t\t\t    width: toggleSize ? width : 640,\r\n\t\t\t    height: toggleSize ? height : 360\r\n\t\t\t  }, 250);\r\n\r\n\t\t\t  toggleSize = !toggleSize;\r\n\t\t}\r\n\t\t\r\n<\/script>\t\n\n\n\n<p><strong>Si vous avez toujours des questions au sujet de ce programme, communiquez avec nous \u00e0 <\/strong><a href=\"mailto:osp_pso@artsnb.ca\">osp_pso@artsnb.ca<\/a><\/p>\n\n\n\n<p><\/p>\n","protected":false},"author":9,"featured_media":22580,"template":"","class_list":["post-23340","austeve-programs","type-austeve-programs","status-publish","has-post-thumbnail","hentry"],"acf":[],"yoast_head":"<!-- This site is optimized with the Yoast SEO plugin v27.5 - https:\/\/yoast.com\/product\/yoast-seo-wordpress\/ -->\n<title>Soutien op\u00e9rationnel - ArtsNB<\/title>\n<meta name=\"robots\" content=\"index, follow, max-snippet:-1, max-image-preview:large, max-video-preview:-1\" \/>\n<link rel=\"canonical\" href=\"https:\/\/artsnb.ca\/web\/programs\/operational-support\/\" \/>\n<meta property=\"og:locale\" content=\"en_US\" \/>\n<meta property=\"og:type\" content=\"article\" \/>\n<meta property=\"og:title\" content=\"Soutien op\u00e9rationnel - ArtsNB\" \/>\n<meta property=\"og:description\" content=\"Le programme de Soutien op\u00e9rationnel, administr\u00e9 par artsnb, remplace l&#8217;ancien programme de Soutien de base administr\u00e9 par le minist\u00e8re du Tourisme, du Patrimoine et de la Culture (TPC). Veuillez noter que le programme sera disponible \u00e0 compter du 1er avril 2026 dans le syst\u00e8me de demandes en ligne. Le programme de Soutien op\u00e9rationnel est con\u00e7u\" \/>\n<meta property=\"og:url\" content=\"https:\/\/artsnb.ca\/web\/programs\/operational-support\/?lang=fr\" \/>\n<meta property=\"og:site_name\" content=\"ArtsNB\" \/>\n<meta property=\"article:publisher\" content=\"https:\/\/www.facebook.com\/artsnb\/\" \/>\n<meta property=\"article:modified_time\" content=\"2026-04-15T20:24:38+00:00\" \/>\n<meta property=\"og:image\" content=\"https:\/\/artsnb.ca\/web\/wp-content\/uploads\/2025\/12\/02_debruijn.jpg\" \/>\n\t<meta property=\"og:image:width\" content=\"1500\" \/>\n\t<meta property=\"og:image:height\" content=\"1015\" \/>\n\t<meta property=\"og:image:type\" content=\"image\/jpeg\" \/>\n<meta name=\"twitter:card\" content=\"summary_large_image\" \/>\n<meta name=\"twitter:site\" content=\"@artsnb\" \/>\n<meta name=\"twitter:label1\" content=\"Est. reading time\" \/>\n\t<meta name=\"twitter:data1\" content=\"2 minutes\" \/>\n<script type=\"application\/ld+json\" class=\"yoast-schema-graph\">{\"@context\":\"https:\\\/\\\/schema.org\",\"@graph\":[{\"@type\":\"WebPage\",\"@id\":\"https:\\\/\\\/artsnb.ca\\\/web\\\/programs\\\/operational-support\\\/?lang=fr\",\"url\":\"https:\\\/\\\/artsnb.ca\\\/web\\\/programs\\\/operational-support\\\/?lang=fr\",\"name\":\"Soutien op\u00e9rationnel - ArtsNB\",\"isPartOf\":{\"@id\":\"https:\\\/\\\/artsnb.ca\\\/web\\\/#website\"},\"primaryImageOfPage\":{\"@id\":\"https:\\\/\\\/artsnb.ca\\\/web\\\/programs\\\/operational-support\\\/?lang=fr#primaryimage\"},\"image\":{\"@id\":\"https:\\\/\\\/artsnb.ca\\\/web\\\/programs\\\/operational-support\\\/?lang=fr#primaryimage\"},\"thumbnailUrl\":\"https:\\\/\\\/artsnb.ca\\\/web\\\/wp-content\\\/uploads\\\/2025\\\/12\\\/02_debruijn.jpg\",\"datePublished\":\"2026-03-13T09:46:54+00:00\",\"dateModified\":\"2026-04-15T20:24:38+00:00\",\"breadcrumb\":{\"@id\":\"https:\\\/\\\/artsnb.ca\\\/web\\\/programs\\\/operational-support\\\/?lang=fr#breadcrumb\"},\"inLanguage\":\"en-US\",\"potentialAction\":[{\"@type\":\"ReadAction\",\"target\":[\"https:\\\/\\\/artsnb.ca\\\/web\\\/programs\\\/operational-support\\\/?lang=fr\"]}]},{\"@type\":\"ImageObject\",\"inLanguage\":\"en-US\",\"@id\":\"https:\\\/\\\/artsnb.ca\\\/web\\\/programs\\\/operational-support\\\/?lang=fr#primaryimage\",\"url\":\"https:\\\/\\\/artsnb.ca\\\/web\\\/wp-content\\\/uploads\\\/2025\\\/12\\\/02_debruijn.jpg\",\"contentUrl\":\"https:\\\/\\\/artsnb.ca\\\/web\\\/wp-content\\\/uploads\\\/2025\\\/12\\\/02_debruijn.jpg\",\"width\":1500,\"height\":1015,\"caption\":\"Andrea deBruijn. Paper stencils used in the making of a print series. Photo: Andrea deBruijn.\"},{\"@type\":\"BreadcrumbList\",\"@id\":\"https:\\\/\\\/artsnb.ca\\\/web\\\/programs\\\/operational-support\\\/?lang=fr#breadcrumb\",\"itemListElement\":[{\"@type\":\"ListItem\",\"position\":1,\"name\":\"Home\",\"item\":\"https:\\\/\\\/artsnb.ca\\\/web\\\/\"},{\"@type\":\"ListItem\",\"position\":2,\"name\":\"Grant Programs\",\"item\":\"https:\\\/\\\/artsnb.ca\\\/web\\\/programs\\\/\"},{\"@type\":\"ListItem\",\"position\":3,\"name\":\"Soutien op\u00e9rationnel\"}]},{\"@type\":\"WebSite\",\"@id\":\"https:\\\/\\\/artsnb.ca\\\/web\\\/#website\",\"url\":\"https:\\\/\\\/artsnb.ca\\\/web\\\/\",\"name\":\"ArtsNB\",\"description\":\"EXCELLENCE. PROFESSIONALISM. INNOVATION.\",\"publisher\":{\"@id\":\"https:\\\/\\\/artsnb.ca\\\/web\\\/#organization\"},\"potentialAction\":[{\"@type\":\"SearchAction\",\"target\":{\"@type\":\"EntryPoint\",\"urlTemplate\":\"https:\\\/\\\/artsnb.ca\\\/web\\\/?s={search_term_string}\"},\"query-input\":{\"@type\":\"PropertyValueSpecification\",\"valueRequired\":true,\"valueName\":\"search_term_string\"}}],\"inLanguage\":\"en-US\"},{\"@type\":\"Organization\",\"@id\":\"https:\\\/\\\/artsnb.ca\\\/web\\\/#organization\",\"name\":\"ArtsNB\",\"url\":\"https:\\\/\\\/artsnb.ca\\\/web\\\/\",\"logo\":{\"@type\":\"ImageObject\",\"inLanguage\":\"en-US\",\"@id\":\"https:\\\/\\\/artsnb.ca\\\/web\\\/#\\\/schema\\\/logo\\\/image\\\/\",\"url\":\"https:\\\/\\\/artsnb.ca\\\/web\\\/wp-content\\\/uploads\\\/2024\\\/04\\\/cropped-artsnb-PrimaryLogo-vertical-HiRes-2.jpg\",\"contentUrl\":\"https:\\\/\\\/artsnb.ca\\\/web\\\/wp-content\\\/uploads\\\/2024\\\/04\\\/cropped-artsnb-PrimaryLogo-vertical-HiRes-2.jpg\",\"width\":1698,\"height\":1223,\"caption\":\"ArtsNB\"},\"image\":{\"@id\":\"https:\\\/\\\/artsnb.ca\\\/web\\\/#\\\/schema\\\/logo\\\/image\\\/\"},\"sameAs\":[\"https:\\\/\\\/www.facebook.com\\\/artsnb\\\/\",\"https:\\\/\\\/x.com\\\/artsnb\",\"https:\\\/\\\/www.instagram.com\\\/artsnb\\\/\"]}]}<\/script>\n<!-- \/ Yoast SEO plugin. -->","yoast_head_json":{"title":"Soutien op\u00e9rationnel - ArtsNB","robots":{"index":"index","follow":"follow","max-snippet":"max-snippet:-1","max-image-preview":"max-image-preview:large","max-video-preview":"max-video-preview:-1"},"canonical":"https:\/\/artsnb.ca\/web\/programs\/operational-support\/","og_locale":"en_US","og_type":"article","og_title":"Soutien op\u00e9rationnel - ArtsNB","og_description":"Le programme de Soutien op\u00e9rationnel, administr\u00e9 par artsnb, remplace l&#8217;ancien programme de Soutien de base administr\u00e9 par le minist\u00e8re du Tourisme, du Patrimoine et de la Culture (TPC). Veuillez noter que le programme sera disponible \u00e0 compter du 1er avril 2026 dans le syst\u00e8me de demandes en ligne. Le programme de Soutien op\u00e9rationnel est con\u00e7u","og_url":"https:\/\/artsnb.ca\/web\/programs\/operational-support\/?lang=fr","og_site_name":"ArtsNB","article_publisher":"https:\/\/www.facebook.com\/artsnb\/","article_modified_time":"2026-04-15T20:24:38+00:00","og_image":[{"width":1500,"height":1015,"url":"https:\/\/artsnb.ca\/web\/wp-content\/uploads\/2025\/12\/02_debruijn.jpg","type":"image\/jpeg"}],"twitter_card":"summary_large_image","twitter_site":"@artsnb","twitter_misc":{"Est. reading time":"2 minutes"},"schema":{"@context":"https:\/\/schema.org","@graph":[{"@type":"WebPage","@id":"https:\/\/artsnb.ca\/web\/programs\/operational-support\/?lang=fr","url":"https:\/\/artsnb.ca\/web\/programs\/operational-support\/?lang=fr","name":"Soutien op\u00e9rationnel - ArtsNB","isPartOf":{"@id":"https:\/\/artsnb.ca\/web\/#website"},"primaryImageOfPage":{"@id":"https:\/\/artsnb.ca\/web\/programs\/operational-support\/?lang=fr#primaryimage"},"image":{"@id":"https:\/\/artsnb.ca\/web\/programs\/operational-support\/?lang=fr#primaryimage"},"thumbnailUrl":"https:\/\/artsnb.ca\/web\/wp-content\/uploads\/2025\/12\/02_debruijn.jpg","datePublished":"2026-03-13T09:46:54+00:00","dateModified":"2026-04-15T20:24:38+00:00","breadcrumb":{"@id":"https:\/\/artsnb.ca\/web\/programs\/operational-support\/?lang=fr#breadcrumb"},"inLanguage":"en-US","potentialAction":[{"@type":"ReadAction","target":["https:\/\/artsnb.ca\/web\/programs\/operational-support\/?lang=fr"]}]},{"@type":"ImageObject","inLanguage":"en-US","@id":"https:\/\/artsnb.ca\/web\/programs\/operational-support\/?lang=fr#primaryimage","url":"https:\/\/artsnb.ca\/web\/wp-content\/uploads\/2025\/12\/02_debruijn.jpg","contentUrl":"https:\/\/artsnb.ca\/web\/wp-content\/uploads\/2025\/12\/02_debruijn.jpg","width":1500,"height":1015,"caption":"Andrea deBruijn. Paper stencils used in the making of a print series. Photo: Andrea deBruijn."},{"@type":"BreadcrumbList","@id":"https:\/\/artsnb.ca\/web\/programs\/operational-support\/?lang=fr#breadcrumb","itemListElement":[{"@type":"ListItem","position":1,"name":"Home","item":"https:\/\/artsnb.ca\/web\/"},{"@type":"ListItem","position":2,"name":"Grant Programs","item":"https:\/\/artsnb.ca\/web\/programs\/"},{"@type":"ListItem","position":3,"name":"Soutien op\u00e9rationnel"}]},{"@type":"WebSite","@id":"https:\/\/artsnb.ca\/web\/#website","url":"https:\/\/artsnb.ca\/web\/","name":"ArtsNB","description":"EXCELLENCE. PROFESSIONALISM. INNOVATION.","publisher":{"@id":"https:\/\/artsnb.ca\/web\/#organization"},"potentialAction":[{"@type":"SearchAction","target":{"@type":"EntryPoint","urlTemplate":"https:\/\/artsnb.ca\/web\/?s={search_term_string}"},"query-input":{"@type":"PropertyValueSpecification","valueRequired":true,"valueName":"search_term_string"}}],"inLanguage":"en-US"},{"@type":"Organization","@id":"https:\/\/artsnb.ca\/web\/#organization","name":"ArtsNB","url":"https:\/\/artsnb.ca\/web\/","logo":{"@type":"ImageObject","inLanguage":"en-US","@id":"https:\/\/artsnb.ca\/web\/#\/schema\/logo\/image\/","url":"https:\/\/artsnb.ca\/web\/wp-content\/uploads\/2024\/04\/cropped-artsnb-PrimaryLogo-vertical-HiRes-2.jpg","contentUrl":"https:\/\/artsnb.ca\/web\/wp-content\/uploads\/2024\/04\/cropped-artsnb-PrimaryLogo-vertical-HiRes-2.jpg","width":1698,"height":1223,"caption":"ArtsNB"},"image":{"@id":"https:\/\/artsnb.ca\/web\/#\/schema\/logo\/image\/"},"sameAs":["https:\/\/www.facebook.com\/artsnb\/","https:\/\/x.com\/artsnb","https:\/\/www.instagram.com\/artsnb\/"]}]}},"_links":{"self":[{"href":"https:\/\/artsnb.ca\/web\/wp-json\/wp\/v2\/austeve-programs\/23340","targetHints":{"allow":["GET"]}}],"collection":[{"href":"https:\/\/artsnb.ca\/web\/wp-json\/wp\/v2\/austeve-programs"}],"about":[{"href":"https:\/\/artsnb.ca\/web\/wp-json\/wp\/v2\/types\/austeve-programs"}],"author":[{"embeddable":true,"href":"https:\/\/artsnb.ca\/web\/wp-json\/wp\/v2\/users\/9"}],"version-history":[{"count":20,"href":"https:\/\/artsnb.ca\/web\/wp-json\/wp\/v2\/austeve-programs\/23340\/revisions"}],"predecessor-version":[{"id":23935,"href":"https:\/\/artsnb.ca\/web\/wp-json\/wp\/v2\/austeve-programs\/23340\/revisions\/23935"}],"wp:featuredmedia":[{"embeddable":true,"href":"https:\/\/artsnb.ca\/web\/wp-json\/wp\/v2\/media\/22580"}],"wp:attachment":[{"href":"https:\/\/artsnb.ca\/web\/wp-json\/wp\/v2\/media?parent=23340"}],"curies":[{"name":"wp","href":"https:\/\/api.w.org\/{rel}","templated":true}]}}