{"id":658,"date":"2019-07-18T01:34:17","date_gmt":"2019-07-18T01:34:17","guid":{"rendered":"https:\/\/staging-artsnb.weavercrawford.com\/programs\/artist-in-residence\/"},"modified":"2026-03-03T17:34:44","modified_gmt":"2026-03-03T17:34:44","slug":"artist-in-residence","status":"publish","type":"austeve-programs","link":"https:\/\/artsnb.ca\/web\/programs\/artist-in-residence\/?lang=fr","title":{"rendered":"Artiste en r\u00e9sidence"},"content":{"rendered":"\n<p class=\"has-white-color has-black-background-color has-text-color has-background has-link-color wp-elements-3378085bd9cc4b92fb443307dee5b56f\">Veuillez noter qu\u2019artsnb a r\u00e9cemment annonc\u00e9 que le nombre de dates limites du programme d\u2019Artiste en r\u00e9sidence passera de six \u00e0 trois par ann\u00e9e. Ce changement entrera en vigueur le 1<sup>er<\/sup> mai 2026. Lisez la nouvelle en entier <a href=\"https:\/\/artsnb.ca\/web\/2026\/02\/artsnb-annonce-des-changements-aux-dates-limites-des-programmes-artiste-en-residence-et-developpement-de-carriere\/?lang=fr\"><mark style=\"background-color:rgba(0, 0, 0, 0)\" class=\"has-inline-color has-luminous-vivid-amber-color\">ici<\/mark><\/a>.<\/p>\n\n\n\n<p>Le programme d\u2019Artiste en r\u00e9sidence s\u2019adresse aux artistes individuel.les pour leur permettre de participer \u00e0 des r\u00e9sidences et aux organismes n\u00e9o-brunswickois qui d\u00e9sirent accueillir des artistes professionnel.les dans le cadre de projets leur permettant de se consacrer \u00e0 leur activit\u00e9 cr\u00e9atrice. Les artistes en r\u00e9sidence doivent contribuer \u00e0 la promotion et \u00e0 la compr\u00e9hension des arts par leur pr\u00e9sence aupr\u00e8s de la client\u00e8le de l\u2019\u00e9tablissement h\u00f4te. Ce programme comporte deux volets&nbsp;:<\/p>\n\n\n\n<ul class=\"wp-block-list\">\n<li><strong>Artiste en r\u00e9sidence \u2013 artistes&nbsp;:<\/strong> pour participer \u00e0 des r\u00e9sidences au Nouveau-Brunswick ou ailleurs ou pour une r\u00e9sidence au Qu\u00e9bec dans le cadre de l\u2019entente avec le Conseil des arts et des lettres du Qu\u00e9bec, et;<\/li>\n\n\n\n<li><strong>Artiste en r\u00e9sidence \u2013 organismes h\u00f4tes&nbsp;: <\/strong>pour les organismes \u00e0 but non-lucratif, \u00e0 but lucratif et les institutions pour leur permettre d\u2019accueillir des artistes dans le cadre de r\u00e9sidences.<\/li>\n<\/ul>\n\n\n\n<p><strong>Qu\u2019est-ce qu\u2019une r\u00e9sidence d\u2019artiste?<\/strong><\/p>\n\n\n\n<p>Une r\u00e9sidence d\u2019artiste offre \u00e0 un.e artiste un espace et du temps en dehors de son environnement habituel pour r\u00e9aliser une ou plusieurs des activit\u00e9s suivantes : cr\u00e9er ou d\u00e9velopper une nouvelle \u0153uvre ou travailler \u00e0 une \u0153uvre en cours de r\u00e9alisation ; b\u00e9n\u00e9ficier d\u2019un mentorat ou acqu\u00e9rir de nouvelles comp\u00e9tences ; \u00e9largir son r\u00e9seau et le public pour sa pratique artistique professionnelle ; et\/ou s\u2019engager aupr\u00e8s de la communaut\u00e9.<\/p>\n\n\n\n<h2 class=\"wp-block-heading\">FORMULAIRES<\/h2>\n\n\n\n<div class=\"wp-block-file\"><a id=\"wp-block-file--media-14e11f2d-73a7-4816-b3ab-1f3d832e1b97\" href=\"https:\/\/artsnb.ca\/web\/wp-content\/uploads\/2019\/07\/AIR-Artists-Guidelines_2025_Lignes-directrices-AER-Artistes-4.pdf\" target=\"_blank\" rel=\"noreferrer noopener\">Lignes directrices de programme &#8211; Artiste en r\u00e9sidence &#8211; Artistes<\/a><\/div>\n\n\n\n<div class=\"wp-block-file\"><a id=\"wp-block-file--media-894b03f7-262a-4e4f-902c-ad248b23d6d5\" href=\"https:\/\/artsnb.ca\/web\/wp-content\/uploads\/2019\/07\/AIR-Organizations-Guidelines_2025_Lignes-directrices-AER-Organismes-3.pdf\" target=\"_blank\" rel=\"noreferrer noopener\">Lignes directrices de programme &#8211; Artiste en r\u00e9sidence &#8211; Organismes h\u00f4tes<\/a><\/div>\n\n\n\n<div class=\"wp-block-file\"><a id=\"wp-block-file--media-d80a72db-6433-45e1-a719-d2a44c638f83\" href=\"https:\/\/artsnb.ca\/web\/wp-content\/uploads\/2022\/09\/Project_Confirmation_de_projet_22-1.pdf\" target=\"_blank\" rel=\"noreferrer noopener\">Rapport de confirmation de projet<\/a><\/div>\n\n\n\n<div class=\"wp-block-file\"><a id=\"wp-block-file--media-233a2f6d-27f6-4e3c-b59d-9bc1f247a4c8\" href=\"https:\/\/artsnb.ca\/web\/wp-content\/uploads\/2023\/11\/Final_Report_Rapport_Final_Fillable-1.pdf\" target=\"_blank\" rel=\"noreferrer noopener\">Rapport final<\/a><\/div>\n\n\n\n<div class=\"wp-block-file\"><a id=\"wp-block-file--media-70571a08-e366-4959-8ed8-e2a7eaee6405\" href=\"https:\/\/artsnb.ca\/web\/wp-content\/uploads\/2019\/07\/Final-Report-Extension-Request_2025_Demande-dextension-du-Rapport-final-Fillable.pdf\" target=\"_blank\" rel=\"noreferrer noopener\">Formulaire de demande d\u2019extension de la date de remise du rapport final<\/a><\/div>\n","protected":false},"author":1,"featured_media":609,"template":"","class_list":["post-658","austeve-programs","type-austeve-programs","status-publish","has-post-thumbnail","hentry"],"acf":[],"yoast_head":"<!-- This site is optimized with the Yoast SEO plugin v27.5 - https:\/\/yoast.com\/product\/yoast-seo-wordpress\/ -->\n<title>Artiste en r\u00e9sidence - ArtsNB<\/title>\n<meta name=\"robots\" content=\"index, follow, max-snippet:-1, max-image-preview:large, max-video-preview:-1\" \/>\n<link rel=\"canonical\" href=\"https:\/\/artsnb.ca\/web\/programs\/artist-in-residence\/\" \/>\n<meta property=\"og:locale\" content=\"en_US\" \/>\n<meta property=\"og:type\" content=\"article\" \/>\n<meta property=\"og:title\" content=\"Artiste en r\u00e9sidence - ArtsNB\" \/>\n<meta property=\"og:description\" content=\"Veuillez noter qu\u2019artsnb a r\u00e9cemment annonc\u00e9 que le nombre de dates limites du programme d\u2019Artiste en r\u00e9sidence passera de six \u00e0 trois par ann\u00e9e. Ce changement entrera en vigueur le 1er mai 2026. Lisez la nouvelle en entier ici. Le programme d\u2019Artiste en r\u00e9sidence s\u2019adresse aux artistes individuel.les pour leur permettre de participer \u00e0 des\" \/>\n<meta property=\"og:url\" content=\"https:\/\/artsnb.ca\/web\/programs\/artist-in-residence\/?lang=fr\" \/>\n<meta property=\"og:site_name\" content=\"ArtsNB\" \/>\n<meta property=\"article:publisher\" content=\"https:\/\/www.facebook.com\/artsnb\/\" \/>\n<meta property=\"article:modified_time\" content=\"2026-03-03T17:34:44+00:00\" \/>\n<meta property=\"og:image\" content=\"https:\/\/artsnb.ca\/web\/wp-content\/uploads\/2019\/07\/01-ARTIST-IN-RESIDENCE-unsplash-xKweyTVtmQE-1024x683.jpg\" \/>\n\t<meta property=\"og:image:width\" content=\"1024\" \/>\n\t<meta property=\"og:image:height\" content=\"683\" \/>\n\t<meta property=\"og:image:type\" content=\"image\/jpeg\" \/>\n<meta name=\"twitter:card\" content=\"summary_large_image\" \/>\n<meta name=\"twitter:site\" content=\"@artsnb\" \/>\n<meta name=\"twitter:label1\" content=\"Est. reading time\" \/>\n\t<meta name=\"twitter:data1\" content=\"2 minutes\" \/>\n<script type=\"application\/ld+json\" class=\"yoast-schema-graph\">{\"@context\":\"https:\\\/\\\/schema.org\",\"@graph\":[{\"@type\":\"WebPage\",\"@id\":\"https:\\\/\\\/artsnb.ca\\\/web\\\/programs\\\/artist-in-residence\\\/?lang=fr\",\"url\":\"https:\\\/\\\/artsnb.ca\\\/web\\\/programs\\\/artist-in-residence\\\/?lang=fr\",\"name\":\"Artiste en r\u00e9sidence - ArtsNB\",\"isPartOf\":{\"@id\":\"https:\\\/\\\/artsnb.ca\\\/web\\\/#website\"},\"primaryImageOfPage\":{\"@id\":\"https:\\\/\\\/artsnb.ca\\\/web\\\/programs\\\/artist-in-residence\\\/?lang=fr#primaryimage\"},\"image\":{\"@id\":\"https:\\\/\\\/artsnb.ca\\\/web\\\/programs\\\/artist-in-residence\\\/?lang=fr#primaryimage\"},\"thumbnailUrl\":\"https:\\\/\\\/artsnb.ca\\\/web\\\/wp-content\\\/uploads\\\/2019\\\/07\\\/01-ARTIST-IN-RESIDENCE-unsplash-xKweyTVtmQE.jpg\",\"datePublished\":\"2019-07-18T01:34:17+00:00\",\"dateModified\":\"2026-03-03T17:34:44+00:00\",\"breadcrumb\":{\"@id\":\"https:\\\/\\\/artsnb.ca\\\/web\\\/programs\\\/artist-in-residence\\\/?lang=fr#breadcrumb\"},\"inLanguage\":\"en-US\",\"potentialAction\":[{\"@type\":\"ReadAction\",\"target\":[\"https:\\\/\\\/artsnb.ca\\\/web\\\/programs\\\/artist-in-residence\\\/?lang=fr\"]}]},{\"@type\":\"ImageObject\",\"inLanguage\":\"en-US\",\"@id\":\"https:\\\/\\\/artsnb.ca\\\/web\\\/programs\\\/artist-in-residence\\\/?lang=fr#primaryimage\",\"url\":\"https:\\\/\\\/artsnb.ca\\\/web\\\/wp-content\\\/uploads\\\/2019\\\/07\\\/01-ARTIST-IN-RESIDENCE-unsplash-xKweyTVtmQE.jpg\",\"contentUrl\":\"https:\\\/\\\/artsnb.ca\\\/web\\\/wp-content\\\/uploads\\\/2019\\\/07\\\/01-ARTIST-IN-RESIDENCE-unsplash-xKweyTVtmQE.jpg\",\"width\":4156,\"height\":2771},{\"@type\":\"BreadcrumbList\",\"@id\":\"https:\\\/\\\/artsnb.ca\\\/web\\\/programs\\\/artist-in-residence\\\/?lang=fr#breadcrumb\",\"itemListElement\":[{\"@type\":\"ListItem\",\"position\":1,\"name\":\"Home\",\"item\":\"https:\\\/\\\/artsnb.ca\\\/web\\\/\"},{\"@type\":\"ListItem\",\"position\":2,\"name\":\"Grant Programs\",\"item\":\"https:\\\/\\\/artsnb.ca\\\/web\\\/programs\\\/\"},{\"@type\":\"ListItem\",\"position\":3,\"name\":\"Artiste en r\u00e9sidence\"}]},{\"@type\":\"WebSite\",\"@id\":\"https:\\\/\\\/artsnb.ca\\\/web\\\/#website\",\"url\":\"https:\\\/\\\/artsnb.ca\\\/web\\\/\",\"name\":\"ArtsNB\",\"description\":\"EXCELLENCE. PROFESSIONALISM. INNOVATION.\",\"publisher\":{\"@id\":\"https:\\\/\\\/artsnb.ca\\\/web\\\/#organization\"},\"potentialAction\":[{\"@type\":\"SearchAction\",\"target\":{\"@type\":\"EntryPoint\",\"urlTemplate\":\"https:\\\/\\\/artsnb.ca\\\/web\\\/?s={search_term_string}\"},\"query-input\":{\"@type\":\"PropertyValueSpecification\",\"valueRequired\":true,\"valueName\":\"search_term_string\"}}],\"inLanguage\":\"en-US\"},{\"@type\":\"Organization\",\"@id\":\"https:\\\/\\\/artsnb.ca\\\/web\\\/#organization\",\"name\":\"ArtsNB\",\"url\":\"https:\\\/\\\/artsnb.ca\\\/web\\\/\",\"logo\":{\"@type\":\"ImageObject\",\"inLanguage\":\"en-US\",\"@id\":\"https:\\\/\\\/artsnb.ca\\\/web\\\/#\\\/schema\\\/logo\\\/image\\\/\",\"url\":\"https:\\\/\\\/artsnb.ca\\\/web\\\/wp-content\\\/uploads\\\/2024\\\/04\\\/cropped-artsnb-PrimaryLogo-vertical-HiRes-2.jpg\",\"contentUrl\":\"https:\\\/\\\/artsnb.ca\\\/web\\\/wp-content\\\/uploads\\\/2024\\\/04\\\/cropped-artsnb-PrimaryLogo-vertical-HiRes-2.jpg\",\"width\":1698,\"height\":1223,\"caption\":\"ArtsNB\"},\"image\":{\"@id\":\"https:\\\/\\\/artsnb.ca\\\/web\\\/#\\\/schema\\\/logo\\\/image\\\/\"},\"sameAs\":[\"https:\\\/\\\/www.facebook.com\\\/artsnb\\\/\",\"https:\\\/\\\/x.com\\\/artsnb\",\"https:\\\/\\\/www.instagram.com\\\/artsnb\\\/\"]}]}<\/script>\n<!-- \/ Yoast SEO plugin. -->","yoast_head_json":{"title":"Artiste en r\u00e9sidence - ArtsNB","robots":{"index":"index","follow":"follow","max-snippet":"max-snippet:-1","max-image-preview":"max-image-preview:large","max-video-preview":"max-video-preview:-1"},"canonical":"https:\/\/artsnb.ca\/web\/programs\/artist-in-residence\/","og_locale":"en_US","og_type":"article","og_title":"Artiste en r\u00e9sidence - ArtsNB","og_description":"Veuillez noter qu\u2019artsnb a r\u00e9cemment annonc\u00e9 que le nombre de dates limites du programme d\u2019Artiste en r\u00e9sidence passera de six \u00e0 trois par ann\u00e9e. Ce changement entrera en vigueur le 1er mai 2026. Lisez la nouvelle en entier ici. Le programme d\u2019Artiste en r\u00e9sidence s\u2019adresse aux artistes individuel.les pour leur permettre de participer \u00e0 des","og_url":"https:\/\/artsnb.ca\/web\/programs\/artist-in-residence\/?lang=fr","og_site_name":"ArtsNB","article_publisher":"https:\/\/www.facebook.com\/artsnb\/","article_modified_time":"2026-03-03T17:34:44+00:00","og_image":[{"width":1024,"height":683,"url":"https:\/\/artsnb.ca\/web\/wp-content\/uploads\/2019\/07\/01-ARTIST-IN-RESIDENCE-unsplash-xKweyTVtmQE-1024x683.jpg","type":"image\/jpeg"}],"twitter_card":"summary_large_image","twitter_site":"@artsnb","twitter_misc":{"Est. reading time":"2 minutes"},"schema":{"@context":"https:\/\/schema.org","@graph":[{"@type":"WebPage","@id":"https:\/\/artsnb.ca\/web\/programs\/artist-in-residence\/?lang=fr","url":"https:\/\/artsnb.ca\/web\/programs\/artist-in-residence\/?lang=fr","name":"Artiste en r\u00e9sidence - ArtsNB","isPartOf":{"@id":"https:\/\/artsnb.ca\/web\/#website"},"primaryImageOfPage":{"@id":"https:\/\/artsnb.ca\/web\/programs\/artist-in-residence\/?lang=fr#primaryimage"},"image":{"@id":"https:\/\/artsnb.ca\/web\/programs\/artist-in-residence\/?lang=fr#primaryimage"},"thumbnailUrl":"https:\/\/artsnb.ca\/web\/wp-content\/uploads\/2019\/07\/01-ARTIST-IN-RESIDENCE-unsplash-xKweyTVtmQE.jpg","datePublished":"2019-07-18T01:34:17+00:00","dateModified":"2026-03-03T17:34:44+00:00","breadcrumb":{"@id":"https:\/\/artsnb.ca\/web\/programs\/artist-in-residence\/?lang=fr#breadcrumb"},"inLanguage":"en-US","potentialAction":[{"@type":"ReadAction","target":["https:\/\/artsnb.ca\/web\/programs\/artist-in-residence\/?lang=fr"]}]},{"@type":"ImageObject","inLanguage":"en-US","@id":"https:\/\/artsnb.ca\/web\/programs\/artist-in-residence\/?lang=fr#primaryimage","url":"https:\/\/artsnb.ca\/web\/wp-content\/uploads\/2019\/07\/01-ARTIST-IN-RESIDENCE-unsplash-xKweyTVtmQE.jpg","contentUrl":"https:\/\/artsnb.ca\/web\/wp-content\/uploads\/2019\/07\/01-ARTIST-IN-RESIDENCE-unsplash-xKweyTVtmQE.jpg","width":4156,"height":2771},{"@type":"BreadcrumbList","@id":"https:\/\/artsnb.ca\/web\/programs\/artist-in-residence\/?lang=fr#breadcrumb","itemListElement":[{"@type":"ListItem","position":1,"name":"Home","item":"https:\/\/artsnb.ca\/web\/"},{"@type":"ListItem","position":2,"name":"Grant Programs","item":"https:\/\/artsnb.ca\/web\/programs\/"},{"@type":"ListItem","position":3,"name":"Artiste en r\u00e9sidence"}]},{"@type":"WebSite","@id":"https:\/\/artsnb.ca\/web\/#website","url":"https:\/\/artsnb.ca\/web\/","name":"ArtsNB","description":"EXCELLENCE. PROFESSIONALISM. INNOVATION.","publisher":{"@id":"https:\/\/artsnb.ca\/web\/#organization"},"potentialAction":[{"@type":"SearchAction","target":{"@type":"EntryPoint","urlTemplate":"https:\/\/artsnb.ca\/web\/?s={search_term_string}"},"query-input":{"@type":"PropertyValueSpecification","valueRequired":true,"valueName":"search_term_string"}}],"inLanguage":"en-US"},{"@type":"Organization","@id":"https:\/\/artsnb.ca\/web\/#organization","name":"ArtsNB","url":"https:\/\/artsnb.ca\/web\/","logo":{"@type":"ImageObject","inLanguage":"en-US","@id":"https:\/\/artsnb.ca\/web\/#\/schema\/logo\/image\/","url":"https:\/\/artsnb.ca\/web\/wp-content\/uploads\/2024\/04\/cropped-artsnb-PrimaryLogo-vertical-HiRes-2.jpg","contentUrl":"https:\/\/artsnb.ca\/web\/wp-content\/uploads\/2024\/04\/cropped-artsnb-PrimaryLogo-vertical-HiRes-2.jpg","width":1698,"height":1223,"caption":"ArtsNB"},"image":{"@id":"https:\/\/artsnb.ca\/web\/#\/schema\/logo\/image\/"},"sameAs":["https:\/\/www.facebook.com\/artsnb\/","https:\/\/x.com\/artsnb","https:\/\/www.instagram.com\/artsnb\/"]}]}},"_links":{"self":[{"href":"https:\/\/artsnb.ca\/web\/wp-json\/wp\/v2\/austeve-programs\/658","targetHints":{"allow":["GET"]}}],"collection":[{"href":"https:\/\/artsnb.ca\/web\/wp-json\/wp\/v2\/austeve-programs"}],"about":[{"href":"https:\/\/artsnb.ca\/web\/wp-json\/wp\/v2\/types\/austeve-programs"}],"author":[{"embeddable":true,"href":"https:\/\/artsnb.ca\/web\/wp-json\/wp\/v2\/users\/1"}],"version-history":[{"count":38,"href":"https:\/\/artsnb.ca\/web\/wp-json\/wp\/v2\/austeve-programs\/658\/revisions"}],"predecessor-version":[{"id":23307,"href":"https:\/\/artsnb.ca\/web\/wp-json\/wp\/v2\/austeve-programs\/658\/revisions\/23307"}],"wp:featuredmedia":[{"embeddable":true,"href":"https:\/\/artsnb.ca\/web\/wp-json\/wp\/v2\/media\/609"}],"wp:attachment":[{"href":"https:\/\/artsnb.ca\/web\/wp-json\/wp\/v2\/media?parent=658"}],"curies":[{"name":"wp","href":"https:\/\/api.w.org\/{rel}","templated":true}]}}