{"id":5336,"date":"2019-12-19T17:43:20","date_gmt":"2019-12-19T17:43:20","guid":{"rendered":"https:\/\/artsnb.ca\/web\/?page_id=5336"},"modified":"2019-12-19T17:48:05","modified_gmt":"2019-12-19T17:48:05","slug":"conseils-sur-la-creation-dun-cv-dartiste-professionnel","status":"publish","type":"page","link":"https:\/\/artsnb.ca\/web\/resources\/trousse\/conseils-sur-la-creation-dun-cv-dartiste-professionnel\/?lang=fr","title":{"rendered":"Conseils sur la cr\u00e9ation d&#8217;un CV d&#8217;artiste professionnel"},"content":{"rendered":"\n<h2 class=\"wp-block-heading\">Comment aborder le CV<\/h2>\n\n\n\n<p>Concevez le CV (Curriculum Vitae) d&#8217;artiste professionnel comme un bref historique de votre activit\u00e9 artistique et de vos r\u00e9alisations. Il s&#8217;agit d&#8217;un r\u00e9sum\u00e9 organis\u00e9 de votre exp\u00e9rience en tant qu&#8217;artiste professionnel. La cr\u00e9ation d&#8217;un CV efficace ressemble beaucoup \u00e0 l&#8217;organisation d&#8217;une exposition: vous ne voulez pas encombrer les murs de toutes les peintures que vous avez r\u00e9alis\u00e9es depuis la cinqui\u00e8me ann\u00e9e&#8230; Choisissez plut\u00f4t d&#8217;inclure uniquement votre travail le plus pertinent et le plus important, pour cr\u00e9er un aper\u00e7u coh\u00e9rent de qui vous \u00eates en tant qu&#8217;artiste. Soyez clair et concis, et faites attention aux d\u00e9tails comme la mise en page. C&#8217;est ce qui fait toute la diff\u00e9rence entre un CV b\u00e2cl\u00e9 et un CV professionnel.<\/p>\n\n\n\n<p>Mettez r\u00e9guli\u00e8rement votre CV \u00e0 jour afin de conserver une trace pr\u00e9cise de votre activit\u00e9 artistique. Votre CV sera ainsi toujours pr\u00eat lorsque des occasions se pr\u00e9senteront. Le CV est le plus souvent utilis\u00e9 lors d&#8217;une demande de financement ou d&#8217;une repr\u00e9sentation par un professionnel ou une galerie d&#8217;art. Il est \u00e9galement utile pour demander de participer \u00e0 des r\u00e9sidences, des expositions et des spectacles\/productions.<\/p>\n\n\n\n<h2 class=\"wp-block-heading\">R\u00e9daction du CV<\/h2>\n\n\n\n<p>Suivez ces r\u00e8gles simples de mise en page et de style pour obtenir les meilleurs r\u00e9sultats :<\/p>\n\n\n\n<ul class=\"wp-block-list\"><li>Style d&#8217;\u00e9criture: Choix de mots courts et succincts<\/li><li>Taille du papier: 8 \u00bd\u2019\u201dx 11\u201d<\/li><li>Marges: 1-1\u201d \u00bd\u201d<\/li><li>Grammaire: D\u00e9nominations de type similaire (exemple: entra\u00eenements, expositions, r\u00e9alisations)<\/li><li>Aucune coquille \/ erreur typographique<\/li><li>Taille des caract\u00e8res: 10-12 points<\/li><li>Caract\u00e8res en noir, police d\u2019\u00e9criture lisible (Times New Roman ou Arial sont les plus communes)<\/li><li>Nom et num\u00e9ro de page sur chaque page (aucun num\u00e9ro de page n&#8217;est n\u00e9cessaire sur la premi\u00e8re page)<\/li><li>Ordre chonologique invers\u00e9<\/li><li>Sections communes: renseignements personnels, \u00e9ducation artistique, exp\u00e9rience professionnelle, expositions, publications et\/ou enregistrements, repr\u00e9sentations, productions, r\u00e9sidences, collections, exp\u00e9rience d&#8217;enseignement, subventions et\/ou bourses<\/li><li>1 \u00e0 4 pages de longueur<\/li><\/ul>\n\n\n\n<h2 class=\"wp-block-heading\">Mise en page des informations<\/h2>\n\n\n\n<ol class=\"wp-block-list\"><li>Placez vos coordonn\u00e9es en haut du CV, en incluant votre nom, adresse, num\u00e9ro de t\u00e9l\u00e9phone, courriel, site Web et m\u00e9dias sociaux professionnels (le cas \u00e9ch\u00e9ant) :<br><img loading=\"lazy\" decoding=\"async\" width=\"600\" height=\"122\" class=\"wp-image-5339\" style=\"width: 600px;\" src=\"https:\/\/artsnb.ca\/web\/wp-content\/uploads\/2019\/12\/image-44.png\" alt=\"\" srcset=\"https:\/\/artsnb.ca\/web\/wp-content\/uploads\/2019\/12\/image-44.png 689w, https:\/\/artsnb.ca\/web\/wp-content\/uploads\/2019\/12\/image-44-300x61.png 300w\" sizes=\"auto, (max-width: 600px) 100vw, 600px\" \/><br><\/li><li>En g\u00e9n\u00e9ral, \u00e9num\u00e9rez les informations dans l&#8217;ordre chronologique invers\u00e9 (du plus r\u00e9cent au plus ancien).<\/li><li>Rassemblez les informations similaires, par exemple en ayant des sections sp\u00e9cifiques pour l&#8217;\u00e9ducation, les expositions, les spectacles, les ateliers, les publications et r\u00e9compenses, etc.<\/li><li>Diff\u00e9renciez les titres des sous-titres en utilisant le gras, l&#8217;indentation, les majuscules, le soulignement ou l&#8217;italique. Restez coh\u00e9rent dans la mise en forme des rubriques.<\/li><li>Si vous \u00eates un artiste avec beaucoup d&#8217;exp\u00e9rience, concentrez-vous sur les grandes \u00e9tapes et les r\u00e9alisations de votre carri\u00e8re, tels que les prix, les publications et les expositions ou performances dans des lieux renomm\u00e9s. Dans ce cas, il peut \u00eatre judicieux de placer &#8220;S\u00e9lection&#8221; dans vos titres, comme par exemple &#8220;S\u00e9lection de publications&#8221;.<\/li><li>N&#8217;incluez que les informations qui sont pertinentes pour les arts &#8211; par exemple, il est inutile de mentionner un dipl\u00f4me en sciences infirmi\u00e8res.<\/li><li>Sp\u00e9cifiez des dates pour les \u00e9v\u00e9nements, afin de fournir plus de clart\u00e9 quant \u00e0 la trajectoire de votre carri\u00e8re artistique.<\/li><li>Faites attention \u00e0 l&#8217;alignement dans les diff\u00e9rentes sections, pour conserver un style \u00e9pur\u00e9 et lisible.<\/li><li>Si vous n&#8217;avez pas obtenu un dipl\u00f4me artistique dans une institution, vous n&#8217;avez pas forc\u00e9ment besoin d&#8217;inclure une section sur l&#8217;\u00e9ducation. Toutefois, vous pouvez inclure des ateliers ou une formation informelle pertinente, comme le mentorat.<\/li><li>Vous pouvez ajouter une section bibliographique si vous le souhaitez, en \u00e9tablissant une liste des articles, essais, revues, etc. dans lesquels votre art a \u00e9t\u00e9 pr\u00e9sent\u00e9. Cela peut inclure n&#8217;importe quel format, tels que le Web, la t\u00e9l\u00e9vision et la radio. Utilisez le <a rel=\"noreferrer noopener\" href=\"http:\/\/bibliotheque.uqac.ca\/aide\/guides\/style_mla.pdf\" target=\"_blank\">Style de citation MLA<\/a> pour les bibliographies.<\/li><li>Sp\u00e9cifiez toute appartenance \u00e0 une affiliation ou organisation professionnelle des arts. Il s&#8217;agit d&#8217;un atout pour montrer votre d\u00e9vouement \u00e0 la branche artistique.<\/li><li>Si des galeries ou des collections publiques pr\u00e9sentent votre travail, \u00e9num\u00e9rez les institutions et leur emplacement dans une section &#8220;Collections&#8221;. Si votre travail est pr\u00e9sent\u00e9 dans des collections priv\u00e9es, \u00e9num\u00e9rez uniquement l&#8217;emplacement. Par exemple: <em>Mon travail est pr\u00e9sent\u00e9 dans des collections priv\u00e9es au Canada, aux \u00c9tats-Unis, en Chine et dans toute l&#8217;Europe<\/em>.<\/li><li>L&#8217;ordre chronologique n&#8217;est pas le seul moyen d&#8217;afficher vos informations. Vous pouvez les organiser de mani\u00e8re plus sp\u00e9cifique afin de montrer la diversit\u00e9 de votre exp\u00e9rience, en regroupant par exemple par th\u00e8me (expositions individuelles, expositions collectives).<\/li><\/ol>\n\n\n\n<h3 class=\"wp-block-heading\"><strong>Exemple 1: CV d\u2019artiste de th\u00e9\u00e2tre organis\u00e9 par r\u00f4le<\/strong><\/h3>\n\n\n\n<p>EXP\u00c9RIENCE PROFESSIONNELLE<\/p>\n\n\n\n<p>Directeur<\/p>\n\n\n\n<p>2016&nbsp;&nbsp;&nbsp;&nbsp;&nbsp;&nbsp;&nbsp;&nbsp;&nbsp;&nbsp;&nbsp;&nbsp;&nbsp;&nbsp;&nbsp;&nbsp; Titre de la pi\u00e8ce, Auteur, Th\u00e9\u00e2tre, Localisation<\/p>\n\n\n\n<p>2015&nbsp;&nbsp;&nbsp;&nbsp;&nbsp;&nbsp;&nbsp;&nbsp;&nbsp;&nbsp;&nbsp;&nbsp;&nbsp;&nbsp;&nbsp;&nbsp; Titre de la pi\u00e8ce, Auteur, Th\u00e9\u00e2tre, Localisation<\/p>\n\n\n\n<p>Acteur<\/p>\n\n\n\n<p>2016&nbsp;&nbsp;&nbsp;&nbsp;&nbsp;&nbsp;&nbsp;&nbsp;&nbsp;&nbsp;&nbsp;&nbsp;&nbsp;&nbsp;&nbsp;&nbsp; Titre de la pi\u00e8ce, Auteur, Directeur, Th\u00e9\u00e2tre, Localisation<\/p>\n\n\n\n<p>2013&nbsp;&nbsp;&nbsp;&nbsp;&nbsp;&nbsp;&nbsp;&nbsp;&nbsp;&nbsp;&nbsp;&nbsp;&nbsp;&nbsp;&nbsp;&nbsp; Titre de la pi\u00e8ce, Auteur, Directeur, Th\u00e9\u00e2tre, Localisation<\/p>\n\n\n\n<p>Dramaturge<\/p>\n\n\n\n<p>2015&nbsp;&nbsp;&nbsp;&nbsp;&nbsp;&nbsp;&nbsp;&nbsp;&nbsp;&nbsp;&nbsp;&nbsp;&nbsp;&nbsp;&nbsp;&nbsp; Titre de la pi\u00e8ce, Auteur, Th\u00e9\u00e2tre<\/p>\n\n\n\n<p>Auteur<\/p>\n\n\n\n<p>2012&nbsp;&nbsp;&nbsp;&nbsp;&nbsp;&nbsp;&nbsp;&nbsp;&nbsp;&nbsp;&nbsp;&nbsp;&nbsp;&nbsp;&nbsp;&nbsp; Titre de la pi\u00e8ce<\/p>\n\n\n\n<h3 class=\"wp-block-heading\"><strong>Exemple 2: CV d\u2019artiste de th\u00e9\u00e2tre organis\u00e9 par m\u00e9dia<\/strong><\/h3>\n\n\n\n<p>EXP\u00c9RIENCE PROFESSIONNELLE<\/p>\n\n\n\n<p>Sc\u00e8ne<\/p>\n\n\n\n<p>2015&nbsp;&nbsp;&nbsp;&nbsp;&nbsp;&nbsp;&nbsp;&nbsp;&nbsp;&nbsp;&nbsp;&nbsp;&nbsp;&nbsp;&nbsp;&nbsp; Titre de la pi\u00e8ce, Auteur, Directeur, Th\u00e9\u00e2tre, Localisation<\/p>\n\n\n\n<p>2012&nbsp;&nbsp;&nbsp;&nbsp;&nbsp;&nbsp;&nbsp;&nbsp;&nbsp;&nbsp;&nbsp;&nbsp;&nbsp;&nbsp;&nbsp;&nbsp; Titre de la pi\u00e8ce, Auteur, R\u00f4le dans la production, Th\u00e9\u00e2tre, Localisation<\/p>\n\n\n\n<p>T\u00e9l\u00e9vision<\/p>\n\n\n\n<p>2016&nbsp;&nbsp;&nbsp;&nbsp;&nbsp;&nbsp;&nbsp;&nbsp;&nbsp;&nbsp;&nbsp;&nbsp;&nbsp;&nbsp;&nbsp;&nbsp; Titre de la s\u00e9rie\/\u00e9mission, R\u00f4le dans la production, Cha\u00eene\/Producteur<\/p>\n\n\n\n<p>2010&nbsp;&nbsp;&nbsp;&nbsp;&nbsp;&nbsp;&nbsp;&nbsp;&nbsp;&nbsp;&nbsp;&nbsp;&nbsp;&nbsp;&nbsp;&nbsp; Titre de la s\u00e9rie\/\u00e9mission, R\u00f4le dans la production, Cha\u00eene\/Producteur<\/p>\n\n\n\n<p>Film<\/p>\n\n\n\n<p>2008&nbsp;&nbsp;&nbsp;&nbsp;&nbsp;&nbsp;&nbsp;&nbsp;&nbsp;&nbsp;&nbsp;&nbsp;&nbsp;&nbsp;&nbsp;&nbsp; Titre du film, R\u00f4le dans la production, Directeur<\/p>\n\n\n\n<h2 class=\"wp-block-heading\">Des questions ?<\/h2>\n\n\n\n<p>Pour toute question concernant les CV, veuillez communiquer avec le Conseil des arts du Nouveau-Brunswick au 506-444-4444, ou <a href=\"http:\/\/www.artsnb.ca\/site\/en\/contact\/\">envoyez-nous un courriel<\/a>.<\/p>\n","protected":false},"excerpt":{"rendered":"<p>Comment aborder le CV Concevez le CV (Curriculum Vitae) d&#8217;artiste professionnel comme un bref historique de votre activit\u00e9 artistique et de vos r\u00e9alisations. Il s&#8217;agit d&#8217;un r\u00e9sum\u00e9 organis\u00e9 de votre exp\u00e9rience en tant qu&#8217;artiste professionnel. La cr\u00e9ation d&#8217;un CV efficace ressemble beaucoup \u00e0 l&#8217;organisation d&#8217;une exposition: vous ne voulez pas encombrer les murs de toutes<\/p>\n","protected":false},"author":1,"featured_media":0,"parent":5013,"menu_order":0,"comment_status":"closed","ping_status":"closed","template":"page-templates\/resources-page.php","meta":{"_acf_changed":false,"footnotes":""},"class_list":["post-5336","page","type-page","status-publish","hentry"],"acf":[],"yoast_head":"<!-- This site is optimized with the Yoast SEO plugin v27.5 - https:\/\/yoast.com\/product\/yoast-seo-wordpress\/ -->\n<title>Conseils sur la cr\u00e9ation d&#039;un CV d&#039;artiste professionnel - ArtsNB<\/title>\n<meta name=\"robots\" content=\"index, follow, max-snippet:-1, max-image-preview:large, max-video-preview:-1\" \/>\n<link rel=\"canonical\" href=\"https:\/\/artsnb.ca\/web\/resources\/trousse\/conseils-sur-la-creation-dun-cv-dartiste-professionnel\/\" \/>\n<meta property=\"og:locale\" content=\"en_US\" \/>\n<meta property=\"og:type\" content=\"article\" \/>\n<meta property=\"og:title\" content=\"Conseils sur la cr\u00e9ation d&#039;un CV d&#039;artiste professionnel - ArtsNB\" \/>\n<meta property=\"og:description\" content=\"Comment aborder le CV Concevez le CV (Curriculum Vitae) d&#8217;artiste professionnel comme un bref historique de votre activit\u00e9 artistique et de vos r\u00e9alisations. Il s&#8217;agit d&#8217;un r\u00e9sum\u00e9 organis\u00e9 de votre exp\u00e9rience en tant qu&#8217;artiste professionnel. La cr\u00e9ation d&#8217;un CV efficace ressemble beaucoup \u00e0 l&#8217;organisation d&#8217;une exposition: vous ne voulez pas encombrer les murs de toutes\" \/>\n<meta property=\"og:url\" content=\"https:\/\/artsnb.ca\/web\/resources\/trousse\/conseils-sur-la-creation-dun-cv-dartiste-professionnel\/?lang=fr\" \/>\n<meta property=\"og:site_name\" content=\"ArtsNB\" \/>\n<meta property=\"article:publisher\" content=\"https:\/\/www.facebook.com\/artsnb\/\" \/>\n<meta property=\"article:modified_time\" content=\"2019-12-19T17:48:05+00:00\" \/>\n<meta property=\"og:image\" content=\"https:\/\/artsnb.ca\/web\/wp-content\/uploads\/2019\/12\/image-44.png\" \/>\n<meta name=\"twitter:card\" content=\"summary_large_image\" \/>\n<meta name=\"twitter:site\" content=\"@artsnb\" \/>\n<meta name=\"twitter:label1\" content=\"Est. reading time\" \/>\n\t<meta name=\"twitter:data1\" content=\"6 minutes\" \/>\n<script type=\"application\/ld+json\" class=\"yoast-schema-graph\">{\"@context\":\"https:\\\/\\\/schema.org\",\"@graph\":[{\"@type\":\"WebPage\",\"@id\":\"https:\\\/\\\/artsnb.ca\\\/web\\\/resources\\\/trousse\\\/conseils-sur-la-creation-dun-cv-dartiste-professionnel\\\/?lang=fr\",\"url\":\"https:\\\/\\\/artsnb.ca\\\/web\\\/resources\\\/trousse\\\/conseils-sur-la-creation-dun-cv-dartiste-professionnel\\\/?lang=fr\",\"name\":\"Conseils sur la cr\u00e9ation d'un CV d'artiste professionnel - ArtsNB\",\"isPartOf\":{\"@id\":\"https:\\\/\\\/artsnb.ca\\\/web\\\/#website\"},\"primaryImageOfPage\":{\"@id\":\"https:\\\/\\\/artsnb.ca\\\/web\\\/resources\\\/trousse\\\/conseils-sur-la-creation-dun-cv-dartiste-professionnel\\\/?lang=fr#primaryimage\"},\"image\":{\"@id\":\"https:\\\/\\\/artsnb.ca\\\/web\\\/resources\\\/trousse\\\/conseils-sur-la-creation-dun-cv-dartiste-professionnel\\\/?lang=fr#primaryimage\"},\"thumbnailUrl\":\"https:\\\/\\\/artsnb.ca\\\/web\\\/wp-content\\\/uploads\\\/2019\\\/12\\\/image-44.png\",\"datePublished\":\"2019-12-19T17:43:20+00:00\",\"dateModified\":\"2019-12-19T17:48:05+00:00\",\"breadcrumb\":{\"@id\":\"https:\\\/\\\/artsnb.ca\\\/web\\\/resources\\\/trousse\\\/conseils-sur-la-creation-dun-cv-dartiste-professionnel\\\/?lang=fr#breadcrumb\"},\"inLanguage\":\"en-US\",\"potentialAction\":[{\"@type\":\"ReadAction\",\"target\":[\"https:\\\/\\\/artsnb.ca\\\/web\\\/resources\\\/trousse\\\/conseils-sur-la-creation-dun-cv-dartiste-professionnel\\\/?lang=fr\"]}]},{\"@type\":\"ImageObject\",\"inLanguage\":\"en-US\",\"@id\":\"https:\\\/\\\/artsnb.ca\\\/web\\\/resources\\\/trousse\\\/conseils-sur-la-creation-dun-cv-dartiste-professionnel\\\/?lang=fr#primaryimage\",\"url\":\"https:\\\/\\\/artsnb.ca\\\/web\\\/wp-content\\\/uploads\\\/2019\\\/12\\\/image-44.png\",\"contentUrl\":\"https:\\\/\\\/artsnb.ca\\\/web\\\/wp-content\\\/uploads\\\/2019\\\/12\\\/image-44.png\",\"width\":689,\"height\":140},{\"@type\":\"BreadcrumbList\",\"@id\":\"https:\\\/\\\/artsnb.ca\\\/web\\\/resources\\\/trousse\\\/conseils-sur-la-creation-dun-cv-dartiste-professionnel\\\/?lang=fr#breadcrumb\",\"itemListElement\":[{\"@type\":\"ListItem\",\"position\":1,\"name\":\"Home\",\"item\":\"https:\\\/\\\/artsnb.ca\\\/web\\\/\"},{\"@type\":\"ListItem\",\"position\":2,\"name\":\"Resources\",\"item\":\"https:\\\/\\\/artsnb.ca\\\/web\\\/resources\\\/\"},{\"@type\":\"ListItem\",\"position\":3,\"name\":\"Trousse\",\"item\":\"https:\\\/\\\/artsnb.ca\\\/web\\\/resources\\\/trousse\\\/\"},{\"@type\":\"ListItem\",\"position\":4,\"name\":\"Conseils sur la cr\u00e9ation d&rsquo;un CV d&rsquo;artiste professionnel\"}]},{\"@type\":\"WebSite\",\"@id\":\"https:\\\/\\\/artsnb.ca\\\/web\\\/#website\",\"url\":\"https:\\\/\\\/artsnb.ca\\\/web\\\/\",\"name\":\"ArtsNB\",\"description\":\"EXCELLENCE. PROFESSIONALISM. INNOVATION.\",\"publisher\":{\"@id\":\"https:\\\/\\\/artsnb.ca\\\/web\\\/#organization\"},\"potentialAction\":[{\"@type\":\"SearchAction\",\"target\":{\"@type\":\"EntryPoint\",\"urlTemplate\":\"https:\\\/\\\/artsnb.ca\\\/web\\\/?s={search_term_string}\"},\"query-input\":{\"@type\":\"PropertyValueSpecification\",\"valueRequired\":true,\"valueName\":\"search_term_string\"}}],\"inLanguage\":\"en-US\"},{\"@type\":\"Organization\",\"@id\":\"https:\\\/\\\/artsnb.ca\\\/web\\\/#organization\",\"name\":\"ArtsNB\",\"url\":\"https:\\\/\\\/artsnb.ca\\\/web\\\/\",\"logo\":{\"@type\":\"ImageObject\",\"inLanguage\":\"en-US\",\"@id\":\"https:\\\/\\\/artsnb.ca\\\/web\\\/#\\\/schema\\\/logo\\\/image\\\/\",\"url\":\"https:\\\/\\\/artsnb.ca\\\/web\\\/wp-content\\\/uploads\\\/2024\\\/04\\\/cropped-artsnb-PrimaryLogo-vertical-HiRes-2.jpg\",\"contentUrl\":\"https:\\\/\\\/artsnb.ca\\\/web\\\/wp-content\\\/uploads\\\/2024\\\/04\\\/cropped-artsnb-PrimaryLogo-vertical-HiRes-2.jpg\",\"width\":1698,\"height\":1223,\"caption\":\"ArtsNB\"},\"image\":{\"@id\":\"https:\\\/\\\/artsnb.ca\\\/web\\\/#\\\/schema\\\/logo\\\/image\\\/\"},\"sameAs\":[\"https:\\\/\\\/www.facebook.com\\\/artsnb\\\/\",\"https:\\\/\\\/x.com\\\/artsnb\",\"https:\\\/\\\/www.instagram.com\\\/artsnb\\\/\"]}]}<\/script>\n<!-- \/ Yoast SEO plugin. -->","yoast_head_json":{"title":"Conseils sur la cr\u00e9ation d'un CV d'artiste professionnel - ArtsNB","robots":{"index":"index","follow":"follow","max-snippet":"max-snippet:-1","max-image-preview":"max-image-preview:large","max-video-preview":"max-video-preview:-1"},"canonical":"https:\/\/artsnb.ca\/web\/resources\/trousse\/conseils-sur-la-creation-dun-cv-dartiste-professionnel\/","og_locale":"en_US","og_type":"article","og_title":"Conseils sur la cr\u00e9ation d'un CV d'artiste professionnel - ArtsNB","og_description":"Comment aborder le CV Concevez le CV (Curriculum Vitae) d&#8217;artiste professionnel comme un bref historique de votre activit\u00e9 artistique et de vos r\u00e9alisations. Il s&#8217;agit d&#8217;un r\u00e9sum\u00e9 organis\u00e9 de votre exp\u00e9rience en tant qu&#8217;artiste professionnel. La cr\u00e9ation d&#8217;un CV efficace ressemble beaucoup \u00e0 l&#8217;organisation d&#8217;une exposition: vous ne voulez pas encombrer les murs de toutes","og_url":"https:\/\/artsnb.ca\/web\/resources\/trousse\/conseils-sur-la-creation-dun-cv-dartiste-professionnel\/?lang=fr","og_site_name":"ArtsNB","article_publisher":"https:\/\/www.facebook.com\/artsnb\/","article_modified_time":"2019-12-19T17:48:05+00:00","og_image":[{"url":"https:\/\/artsnb.ca\/web\/wp-content\/uploads\/2019\/12\/image-44.png","type":"","width":"","height":""}],"twitter_card":"summary_large_image","twitter_site":"@artsnb","twitter_misc":{"Est. reading time":"6 minutes"},"schema":{"@context":"https:\/\/schema.org","@graph":[{"@type":"WebPage","@id":"https:\/\/artsnb.ca\/web\/resources\/trousse\/conseils-sur-la-creation-dun-cv-dartiste-professionnel\/?lang=fr","url":"https:\/\/artsnb.ca\/web\/resources\/trousse\/conseils-sur-la-creation-dun-cv-dartiste-professionnel\/?lang=fr","name":"Conseils sur la cr\u00e9ation d'un CV d'artiste professionnel - ArtsNB","isPartOf":{"@id":"https:\/\/artsnb.ca\/web\/#website"},"primaryImageOfPage":{"@id":"https:\/\/artsnb.ca\/web\/resources\/trousse\/conseils-sur-la-creation-dun-cv-dartiste-professionnel\/?lang=fr#primaryimage"},"image":{"@id":"https:\/\/artsnb.ca\/web\/resources\/trousse\/conseils-sur-la-creation-dun-cv-dartiste-professionnel\/?lang=fr#primaryimage"},"thumbnailUrl":"https:\/\/artsnb.ca\/web\/wp-content\/uploads\/2019\/12\/image-44.png","datePublished":"2019-12-19T17:43:20+00:00","dateModified":"2019-12-19T17:48:05+00:00","breadcrumb":{"@id":"https:\/\/artsnb.ca\/web\/resources\/trousse\/conseils-sur-la-creation-dun-cv-dartiste-professionnel\/?lang=fr#breadcrumb"},"inLanguage":"en-US","potentialAction":[{"@type":"ReadAction","target":["https:\/\/artsnb.ca\/web\/resources\/trousse\/conseils-sur-la-creation-dun-cv-dartiste-professionnel\/?lang=fr"]}]},{"@type":"ImageObject","inLanguage":"en-US","@id":"https:\/\/artsnb.ca\/web\/resources\/trousse\/conseils-sur-la-creation-dun-cv-dartiste-professionnel\/?lang=fr#primaryimage","url":"https:\/\/artsnb.ca\/web\/wp-content\/uploads\/2019\/12\/image-44.png","contentUrl":"https:\/\/artsnb.ca\/web\/wp-content\/uploads\/2019\/12\/image-44.png","width":689,"height":140},{"@type":"BreadcrumbList","@id":"https:\/\/artsnb.ca\/web\/resources\/trousse\/conseils-sur-la-creation-dun-cv-dartiste-professionnel\/?lang=fr#breadcrumb","itemListElement":[{"@type":"ListItem","position":1,"name":"Home","item":"https:\/\/artsnb.ca\/web\/"},{"@type":"ListItem","position":2,"name":"Resources","item":"https:\/\/artsnb.ca\/web\/resources\/"},{"@type":"ListItem","position":3,"name":"Trousse","item":"https:\/\/artsnb.ca\/web\/resources\/trousse\/"},{"@type":"ListItem","position":4,"name":"Conseils sur la cr\u00e9ation d&rsquo;un CV d&rsquo;artiste professionnel"}]},{"@type":"WebSite","@id":"https:\/\/artsnb.ca\/web\/#website","url":"https:\/\/artsnb.ca\/web\/","name":"ArtsNB","description":"EXCELLENCE. PROFESSIONALISM. INNOVATION.","publisher":{"@id":"https:\/\/artsnb.ca\/web\/#organization"},"potentialAction":[{"@type":"SearchAction","target":{"@type":"EntryPoint","urlTemplate":"https:\/\/artsnb.ca\/web\/?s={search_term_string}"},"query-input":{"@type":"PropertyValueSpecification","valueRequired":true,"valueName":"search_term_string"}}],"inLanguage":"en-US"},{"@type":"Organization","@id":"https:\/\/artsnb.ca\/web\/#organization","name":"ArtsNB","url":"https:\/\/artsnb.ca\/web\/","logo":{"@type":"ImageObject","inLanguage":"en-US","@id":"https:\/\/artsnb.ca\/web\/#\/schema\/logo\/image\/","url":"https:\/\/artsnb.ca\/web\/wp-content\/uploads\/2024\/04\/cropped-artsnb-PrimaryLogo-vertical-HiRes-2.jpg","contentUrl":"https:\/\/artsnb.ca\/web\/wp-content\/uploads\/2024\/04\/cropped-artsnb-PrimaryLogo-vertical-HiRes-2.jpg","width":1698,"height":1223,"caption":"ArtsNB"},"image":{"@id":"https:\/\/artsnb.ca\/web\/#\/schema\/logo\/image\/"},"sameAs":["https:\/\/www.facebook.com\/artsnb\/","https:\/\/x.com\/artsnb","https:\/\/www.instagram.com\/artsnb\/"]}]}},"_links":{"self":[{"href":"https:\/\/artsnb.ca\/web\/wp-json\/wp\/v2\/pages\/5336","targetHints":{"allow":["GET"]}}],"collection":[{"href":"https:\/\/artsnb.ca\/web\/wp-json\/wp\/v2\/pages"}],"about":[{"href":"https:\/\/artsnb.ca\/web\/wp-json\/wp\/v2\/types\/page"}],"author":[{"embeddable":true,"href":"https:\/\/artsnb.ca\/web\/wp-json\/wp\/v2\/users\/1"}],"replies":[{"embeddable":true,"href":"https:\/\/artsnb.ca\/web\/wp-json\/wp\/v2\/comments?post=5336"}],"version-history":[{"count":6,"href":"https:\/\/artsnb.ca\/web\/wp-json\/wp\/v2\/pages\/5336\/revisions"}],"predecessor-version":[{"id":5344,"href":"https:\/\/artsnb.ca\/web\/wp-json\/wp\/v2\/pages\/5336\/revisions\/5344"}],"up":[{"embeddable":true,"href":"https:\/\/artsnb.ca\/web\/wp-json\/wp\/v2\/pages\/5013"}],"wp:attachment":[{"href":"https:\/\/artsnb.ca\/web\/wp-json\/wp\/v2\/media?parent=5336"}],"curies":[{"name":"wp","href":"https:\/\/api.w.org\/{rel}","templated":true}]}}